{"id":12,"date":"2015-06-03T21:47:48","date_gmt":"2015-06-03T19:47:48","guid":{"rendered":"http:\/\/www.velketresne.cz\/?page_id=12"},"modified":"2026-04-22T11:42:53","modified_gmt":"2026-04-22T09:42:53","slug":"uredni-deska","status":"publish","type":"page","link":"https:\/\/www.velketresne.cz\/?page_id=12","title":{"rendered":"\u00da\u0159edn\u00ed deska"},"content":{"rendered":"<h3 id=\"sites-page-title-header\" align=\"left\"><span id=\"sites-page-title\" dir=\"ltr\" tabindex=\"-1\">Obecn\u00ed \u00fa\u0159ad Velk\u00e9 Tresn\u00e9<\/span><\/h3>\n<p>Adresa: Velk\u00e9 Tresn\u00e9 1, 592 65 Rove\u010dn\u00e9<br \/>I\u010cO obce: 00842451<br \/>E-mail: velke.tresne@gmail.com<br \/>Telefon: 725 101 205<\/p>\n<div id=\"sites-canvas-main\" class=\"sites-canvas-main\">\n<div id=\"sites-canvas-main-content\">\u00a0<\/div>\n<div id=\"sites-canvas-main-content\"><hr \/>\n<h3 style=\"text-align: center;\">Rok 2026<\/h3>\n<p><a href=\"http:\/\/www.velketresne.cz\/wp-content\/uploads\/2026\/04\/VV-oznameni-o-zverejneni-navrhu-vymezeni-zastaveneho-uzemi-obce-Velke-Tresne.pdf\">VV &#8211; ozn\u00e1men\u00ed o zve\u0159ejn\u011bn\u00ed n\u00e1vrhu vymezen\u00ed zastav\u011bn\u00e9ho \u00fazem\u00ed obce Velk\u00e9 Tresn\u00e9<\/a><\/p>\n<p>Vyv\u011b\u0161eno 22.4.2026<\/p>\n<\/div>\n<p><a href=\"http:\/\/www.velketresne.cz\/wp-content\/uploads\/2026\/03\/Zastupitelstvo-brezen-2026.pdf\">Zastupitelstvo b\u0159ezen 2026<\/a><\/p>\n<p>Vyv\u011b\u0161eno 16.3.2026<\/p>\n<div id=\"sites-canvas-main-content\">\n<p><a href=\"http:\/\/www.velketresne.cz\/wp-content\/uploads\/2026\/02\/Rozpocet-obce-2026.pdf\">Rozpo\u010det obce 2026<\/a><br \/>Vyv\u011b\u0161eno: 5.1.2026<\/p>\n<h3 style=\"text-align: center;\">ROK 2025<\/h3>\n<\/div>\n<\/div>\n<p><a href=\"http:\/\/www.velketresne.cz\/wp-content\/uploads\/2026\/03\/Zastupitelstvo-brezen-2026.pdf\">Zastupitelstvo b\u0159ezen 2026<\/a><\/p>\n<p>Vyv\u011b\u0161eno 16.3.2026+<\/p>\n<div id=\"sites-canvas-main\" class=\"sites-canvas-main\">\n<p><a href=\"http:\/\/www.velketresne.cz\/wp-content\/uploads\/2025\/12\/Zastupitelstvo-prosinec-29.12.2025.pdf\">Zastupitelstvo prosinec 29.12.2025<\/a><\/p>\n<p>Vyv\u011b\u0161eno 21.12.2025<\/p>\n<p><a href=\"http:\/\/www.velketresne.cz\/wp-content\/uploads\/2026\/02\/RO_2-2.pdf\">Rozpo\u010dtov\u00e9 opat\u0159en\u00ed VT2\/25<\/a><br \/>Vyv\u011b\u0161eno: 21.12.2025<\/p>\n<div id=\"sites-canvas-main-content\">\n<p><a href=\"http:\/\/www.velketresne.cz\/wp-content\/uploads\/2025\/12\/Navrh-rozpoctu-obce-2026.pdf\">N\u00e1vrh rozpo\u010dtu obce 2026<\/a><br \/>Vyv\u011b\u0161eno: 10.12.2025<\/p>\n<p><a href=\"http:\/\/www.velketresne.cz\/wp-content\/uploads\/2025\/11\/Zastupitelstvo-prosinec-2025.pdf\">Zastupitelstvo prosinec 2025<\/a><\/p>\n<p>Vyv\u011b\u0161eno 52.11.2025<\/p>\n<p><a href=\"http:\/\/www.velketresne.cz\/wp-content\/uploads\/2025\/09\/Zastupitelstvo-zari-2025.pdf\">Zastupitelstvo z\u00e1\u0159\u00ed 2025<\/a><\/p>\n<p>Vyv\u011b\u0161eno 17.9.2025<\/p>\n<\/div>\n<p><a href=\"http:\/\/www.velketresne.cz\/wp-content\/uploads\/2025\/08\/Oznameni-o-dobe-a-miste-konani-voleb-o-PS-2025.pdf\">Ozn\u00e1men\u00ed o dob\u011b a m\u00edst\u011b kon\u00e1n\u00ed voleb o PS 2025<\/a><\/p>\n<p>Vyv\u011b\u0161eno 19.8.2025<\/p>\n<p><a href=\"http:\/\/www.velketresne.cz\/wp-content\/uploads\/2025\/07\/Povinne-zverejneni-dle-z.-250-Zav.-ucet.pdf\">Povinn\u00e9 zve\u0159ejn\u011bn\u00ed dle z. 250 &#8211; Z\u00e1v. \u00fa\u010det<\/a><\/p>\n<p>30.6.2025<\/p>\n<div id=\"sites-canvas-main-content\">\n<p><a href=\"http:\/\/www.velketresne.cz\/wp-content\/uploads\/2025\/06\/Ucetni-zavetka.pdf\">\u00da\u010detn\u00ed z\u00e1v\u011brka obce Velk\u00e9 Tresn\u00e9<\/a><br \/>Vyv\u011b\u0161eno: 30.6.2025<\/p>\n<p><a href=\"http:\/\/www.velketresne.cz\/wp-content\/uploads\/2025\/06\/priloha_1524188775_0_Zprava-o-prezkoumani-hospodareni-za-rok-2024-s-DP-obec-Velke-Tresne.pdf\">Zpr\u00e1va o p\u0159ezkoum\u00e1n\u00ed hospoda\u0159en\u00ed za rok 2024<\/a><br \/>Vyv\u011b\u0161eno: 30.6.2025<\/p>\n<p><a href=\"http:\/\/www.velketresne.cz\/wp-content\/uploads\/2025\/06\/Zaverecny-ucet-obce-Velke-Tresne.pdf\">Z\u00e1v\u011bre\u010dn\u00fd \u00fa\u010det obce Velk\u00e9 Tresn\u00e9<\/a><br \/>Vyv\u011b\u0161eno: 30.6.2025<\/p>\n<p>Vyv\u011b\u0161eno: 30.6.2025<\/p>\n<\/div>\n<\/div>\n<p><a href=\"http:\/\/www.velketresne.cz\/wp-content\/uploads\/2025\/06\/Zastupitelstvo-cerven-2025.pdf\">Zastupitelstvo \u010derven 2025<\/a><\/p>\n<p>Vyv\u011b\u0161eno: 17.6.2025<\/p>\n<p><a href=\"http:\/\/www.velketresne.cz\/wp-content\/uploads\/2025\/06\/Navrh-zaverecneho-uctu.pdf\">N\u00e1vrh z\u00e1v\u011bre\u010dn\u00e9ho \u00fa\u010dtu obce Velk\u00e9 Tresn\u00e9<\/a><br \/>Vyv\u011b\u0161eno: 6.6.2025<\/p>\n<p><a href=\"http:\/\/www.velketresne.cz\/wp-content\/uploads\/2025\/06\/Ucetni-zavetka.pdf\">\u00da\u010detn\u00ed z\u00e1v\u011brka obce Velk\u00e9 Tresn\u00e9<\/a><br \/>Vyv\u011b\u0161eno: 6.6.2025<\/p>\n<p><a href=\"http:\/\/www.velketresne.cz\/wp-content\/uploads\/2025\/06\/priloha_1524188775_0_Zprava-o-prezkoumani-hospodareni-za-rok-2024-s-DP-obec-Velke-Tresne.pdf\">Zpr\u00e1va o p\u0159ezkoum\u00e1n\u00ed hospoda\u0159en\u00ed za rok 2024<\/a><br \/>Vyv\u011b\u0161eno: 6.6.2025<\/p>\n<div id=\"sites-canvas-main\" class=\"sites-canvas-main\">\n<div id=\"sites-canvas-main-content\">\n<p><a href=\"http:\/\/www.velketresne.cz\/wp-content\/uploads\/2025\/05\/Navrh-ZAVERECNY_UCET_MIKROREGIONU_BYSTRICKO_ZA_ROK_2024-konecna-verze.pdf\">N\u00e1vrh Z\u00c1V\u011aRE\u010cN\u00dd_\u00da\u010cET_MIKROREGIONU_BYST\u0158ICKO_ZA_ROK_2024-kone\u010dn\u00e1-verze<\/a><\/p>\n<p>Vyv\u011b\u0161eno: 29.5.2025<\/p>\n<p><a href=\"http:\/\/www.velketresne.cz\/wp-content\/uploads\/2025\/05\/Zamer.pdf\">Z\u00e1m\u011br<\/a><\/p>\n<p>Vyv\u011b\u0161eno:25.5.2025<\/p>\n<\/div>\n<p><a href=\"http:\/\/www.velketresne.cz\/wp-content\/uploads\/2025\/08\/Zastupitelstvo-brezen-2025.pdf\">Zastupitelstvo b\u0159ezen 2025<\/a><\/p>\n<p>Vyv\u011b\u0161eno : 20.3.2025<\/p>\n<p><a href=\"http:\/\/www.velketresne.cz\/wp-content\/uploads\/2025\/05\/RO1.pdf\">Rozpo\u010dtov\u00e9 opat\u0159en\u00ed VT1\/2025<\/a><br \/>Vyv\u011b\u0161eno: 4.3.2025<\/p>\n<div id=\"sites-canvas-main-content\">\n<p>&nbsp;<\/p>\n<h3>\u00a0<\/h3>\n<h3 style=\"text-align: center;\">ROK 2024<\/h3>\n<\/div>\n<p><a href=\"http:\/\/www.velketresne.cz\/wp-content\/uploads\/2025\/05\/Navrh-ZAVERECNY_UCET_MIKROREGIONU_BYSTRICKO_ZA_ROK_2024-konecna-verze.pdf\">N\u00e1vrh Z\u00c1V\u011aRE\u010cN\u00dd_\u00da\u010cET_MIKROREGIONU_BYST\u0158ICKO_ZA_ROK_2024-kone\u010dn\u00e1-verze<\/a><\/p>\n<p>Vyv\u011b\u0161eno: 29.5.2025<\/p>\n<div id=\"sites-canvas-main-content\">\n<p><a href=\"http:\/\/www.velketresne.cz\/wp-content\/uploads\/2025\/01\/Rozpocet-obce-Velke-Tresne-2025.pdf\">Rozpo\u010det obce Velk\u00e9 Tresn\u00e9 2025<\/a><br \/>Vyv\u011b\u0161eno: 30.12.2024<\/p>\n<p><a href=\"http:\/\/www.velketresne.cz\/wp-content\/uploads\/2025\/01\/Strenedoby-vyhledovy-rozpocet.pdf\">St\u0159edn\u011bdob\u00fd v\u00fdhledov\u00fd rozpo\u010det<\/a><br \/>Vyv\u011b\u0161eno: 30.12.2024<\/p>\n<p><a href=\"http:\/\/www.velketresne.cz\/wp-content\/uploads\/2025\/01\/RO5.pdf\">Rozpo\u010dtov\u00e9 opat\u0159en\u00ed VT 5\/2024<\/a><br \/>Vyv\u011b\u0161eno: 30.12.2024<\/p>\n<p><a href=\"http:\/\/www.velketresne.cz\/wp-content\/uploads\/2025\/05\/Vyveseni-zastupitelstvo.pdf\">Zastupitelstvo prosinec 2024<\/a><\/p>\n<\/div>\n<p>Vyv\u011b\u0161eno\u00a0 22.12.2024<\/p>\n<p><a href=\"http:\/\/www.velketresne.cz\/wp-content\/uploads\/2025\/01\/RO4.pdf\">Rozpo\u010dtov\u00e9 opat\u0159en\u00ed VT 4\/2024<\/a><br \/>Vyv\u011b\u0161eno: 12.12.2024<\/p>\n<p><a href=\"http:\/\/www.velketresne.cz\/wp-content\/uploads\/2024\/12\/Navrh-rozpoctu-2025.pdf\">N\u00e1vrh rozpo\u010dtu obce Velk\u00e9 Tresn\u00e9 2025<\/a><br \/>Vyv\u011b\u0161eno: 10.12.2024<\/p>\n<p><a href=\"http:\/\/www.velketresne.cz\/wp-content\/uploads\/2024\/12\/Navrh-Strednedobeho-vyhledoveho-rozpoctu-obce.pdf\">N\u00e1vrh St\u0159edn\u011bdob\u00e9ho v\u00fdhledov\u00e9ho rozpo\u010dtu obce<\/a><br \/>Vyv\u011b\u0161eno: 10.12.2024<\/p>\n<\/div>\n<p><a href=\"http:\/\/www.velketresne.cz\/wp-content\/uploads\/2024\/11\/Oznameni-Financniho-uradu.pdf\">Ozn\u00e1men\u00ed Finan\u010dn\u00edho \u00fa\u0159adu<\/a><\/p>\n<p>Vyv\u011b\u0161eno 27.11.2024<\/p>\n<div id=\"sites-canvas-main\" class=\"sites-canvas-main\">\n<p><a href=\"http:\/\/www.velketresne.cz\/wp-content\/uploads\/2024\/11\/Zastupitelstvo-listopad-2024.pdf\">Zastupitelstvo listopad 2024<\/a><\/p>\n<p>Vyv\u011b\u0161eno 21.11.2024<\/p>\n<p><a href=\"http:\/\/www.velketresne.cz\/wp-content\/uploads\/2025\/01\/RO3.pdf\">Rozpo\u010dtov\u00e9 opat\u0159en\u00ed VT3\/2024<\/a><br \/>Vyv\u011b\u0161eno: 10.11.2024<\/p>\n<p><a href=\"http:\/\/www.velketresne.cz\/wp-content\/uploads\/2024\/12\/RO-2.pdf\">Rozpo\u010dtov\u00e9 opat\u0159en\u00ed VT2\/2024<\/a><br \/>Vyv\u011b\u0161eno: 16.10.2024<\/p>\n<div id=\"sites-canvas-main-content\">\n<p><a href=\"http:\/\/www.velketresne.cz\/wp-content\/uploads\/2024\/09\/Zastupitelstvo-zari-2024.pdf\">Zastupitelstvo z\u00e1\u0159\u00ed 2024<\/a><\/p>\n<p>Vyv\u011b\u0161eno 10.9.2024<\/p>\n<\/div>\n<p><a href=\"http:\/\/www.velketresne.cz\/wp-content\/uploads\/2024\/08\/Oznameni-o-konani-voleb.pdf\">Ozn\u00e1men\u00ed o kon\u00e1n\u00ed voleb<\/a><\/p>\n<p>Vyv\u011b\u0161eno : 6.8.2024<\/p>\n<\/div>\n<p><a href=\"http:\/\/www.velketresne.cz\/wp-content\/uploads\/2024\/06\/priloha_1368311576_0_Zprava-o-prezkoumani-hospodareni-za-rok-2023-s-DP-obec-Velke-Tresne.pdf\">Zpr\u00e1va o p\u0159ezkoum\u00e1n\u00ed hospoda\u0159en\u00ed za rok 2023\u00a0 obec Velk\u00e9 Tresn\u00e9<\/a><br \/>Vyv\u011b\u0161eno: 26.6.2024<\/p>\n<p><a href=\"http:\/\/www.velketresne.cz\/wp-content\/uploads\/2024\/06\/vykazy.pdf\">\u00da\u010detn\u00ed z\u00e1v\u011brka obce 2023<\/a><br \/>Vyv\u011b\u0161eno: 26.6.2024<\/p>\n<p><a href=\"http:\/\/www.velketresne.cz\/wp-content\/uploads\/2024\/09\/Zaverecny-ucet.pdf\">Z\u00e1v\u011bre\u010dn\u00fd \u00fa\u010det obce Velk\u00e9 Tresn\u00e9<\/a><br \/>Vyv\u011b\u0161eno: 26.6.2024<\/p>\n<p><a href=\"http:\/\/www.velketresne.cz\/wp-content\/uploads\/2024\/06\/Zastupitelstvo-cerven-2024.pdf\">Zastupitelstvo \u010derven 2024<\/a><\/p>\n<p>Vyv\u011b\u0161eno : 17.6.2024<\/p>\n<p><a href=\"http:\/\/www.velketresne.cz\/wp-content\/uploads\/2024\/06\/Navrh-zaverecneho-uctu.pdf\">N\u00e1vrh z\u00e1v\u011bre\u010dn\u00e9ho \u00fa\u010dtu obce 2023<\/a><br \/>Vyv\u011b\u0161eno: 7.6.2024<\/p>\n<p><a href=\"http:\/\/www.velketresne.cz\/wp-content\/uploads\/2024\/06\/vykazy.pdf\">\u00da\u010detn\u00ed z\u00e1v\u011brka obce 2023<\/a><br \/>Vyv\u011b\u0161eno: 7.6.2024<\/p>\n<p><a href=\"http:\/\/www.velketresne.cz\/wp-content\/uploads\/2024\/06\/priloha_1368311576_0_Zprava-o-prezkoumani-hospodareni-za-rok-2023-s-DP-obec-Velke-Tresne.pdf\">Zpr\u00e1va o p\u0159ezkoum\u00e1n\u00ed hospoda\u0159en\u00ed za rok 2023<\/a><br \/>Vyv\u011b\u0161eno: 7.6.2024<\/p>\n<div id=\"sites-canvas-main\" class=\"sites-canvas-main\">\n<p><a href=\"http:\/\/www.velketresne.cz\/wp-content\/uploads\/2024\/05\/priloha_1362036491_0_Narizeni_Statni_veterinarni_spravy_mor_vceliho_plodu_Kraj_Vysocina_JK.pdf\">priloha_1362036491_0_Narizeni_Statni_veterinarni_spravy_mor_vceliho_plodu_Kraj_Vysocina_JK<\/a><\/p>\n<p>Vyv\u011b\u0161eno 22.5.2024<\/p>\n<div id=\"sites-canvas-main-content\">\n<p><a href=\"http:\/\/www.velketresne.cz\/wp-content\/uploads\/2024\/05\/Oznameni-o-dobe-a-miste-konani-voleb-do-Evropskeho-parlamentu.pdf\">Ozn\u00e1men\u00ed o dob\u011b a m\u00edst\u011b kon\u00e1n\u00ed voleb do Evropsk\u00e9ho parlamentu<\/a><\/p>\n<p>Vyv\u011b\u0161eno: 22.5.2024<\/p>\n<p><a href=\"http:\/\/www.velketresne.cz\/wp-content\/uploads\/2024\/03\/Zastupitelstvo-18.3.2024.pdf\">Zastupitelstvo 18.3.2024<\/a><\/p>\n<p>Vyv\u011b\u0161eno: 11.3.2024<\/p>\n<p><a href=\"http:\/\/www.velketresne.cz\/wp-content\/uploads\/2024\/10\/Sablona_RO_2024_VT-1.pdf\">Rozpo\u010dtov\u00e9 opat\u0159en\u00e9 VT 1\/ 2024<\/a><br \/>Vyv\u011b\u0161eno: 5.2.2024<\/p>\n<h3>\u00a0<\/h3>\n<h3>\u00a0<\/h3>\n<h3 style=\"text-align: center;\">ROK 2023<\/h3>\n<p><a href=\"http:\/\/www.velketresne.cz\/wp-content\/uploads\/2024\/02\/Rozpocet-2024.pdf\">Rozpo\u010det obce Velk\u00e9 Tresn\u00e9 2024<\/a><br \/>Vyv\u011b\u0161eno: 30.12.2023<\/p>\n<p><a href=\"http:\/\/www.velketresne.cz\/wp-content\/uploads\/2024\/02\/RO_7.pdf\">Rozpo\u010dtov\u00e9 opat\u0159en\u00ed VT 7\/2023<\/a><br \/>Vyv\u011b\u0161eno: 28.12.2023<\/p>\n<\/div>\n<p><a href=\"http:\/\/www.velketresne.cz\/wp-content\/uploads\/2023\/12\/Zastupitelstvo-prosinec-2023.pdf\">Zastupitelstvo prosinec 2023<\/a><\/p>\n<p>Vyv\u011b\u0161eno 19.12.2023<\/p>\n<p><a href=\"http:\/\/www.velketresne.cz\/wp-content\/uploads\/2024\/05\/RO_6.pdf\">Rozpo\u010dtov\u00e9 opat\u0159en\u00ed VT6\/2023<\/a><br \/>Vyv\u011b\u0161eno 17.12.2023<\/p>\n<div id=\"sites-canvas-main-content\">\n<p><a href=\"http:\/\/www.velketresne.cz\/wp-content\/uploads\/2023\/12\/Navrh-rozpoctu-2023.pdf\">N\u00e1vrh rozpo\u010dtu obce Velk\u00e9 Tresn\u00e9 2024<\/a><br \/>Vyv\u011b\u0161eno: 10.12.2023<\/p>\n<p><a href=\"http:\/\/www.velketresne.cz\/wp-content\/uploads\/2023\/12\/strednedoby-vyhled-rozpoctu-na-obdobi-r-25-26-100kc-schvaleny.pdf\">strednedoby-vyhled-rozpoctu-na-obdobi-r-25-26-100kc-schvaleny<\/a><\/p>\n<p><a href=\"http:\/\/www.velketresne.cz\/wp-content\/uploads\/2023\/12\/Rozpocet-MB-na-rok-2024-schvaleny.pdf\">Rozpocet MB na rok 2024-schvaleny<\/a><\/p>\n<p>Vyv\u011b\u0161eno: 23.11.2023<\/p>\n<p><a href=\"http:\/\/www.velketresne.cz\/wp-content\/uploads\/2023\/11\/Vyhlaska.pdf\">Ozn\u00e1men\u00ed o vlo\u017een\u00ed vyhl\u00e1\u0161ek do Sb\u00edrky pr\u00e1vn\u00edch p\u0159edpis\u016f<\/a><br \/>Vyv\u011b\u0161eno: 14.11.2023<\/p>\n<p><a href=\"http:\/\/www.velketresne.cz\/wp-content\/uploads\/2024\/05\/Zastupitelstvo.pdf\">Zastupitelstvo listopad 2023<\/a><br \/>Vyv\u011b\u0161eno: 6.11.2023<\/p>\n<p><a href=\"http:\/\/www.velketresne.cz\/wp-content\/uploads\/2023\/09\/Zastupitelstvo-zari-2023.pdf\">Zastupitelstvo z\u00e1\u0159\u00ed 2023<\/a><\/p>\n<p>Vyv\u011b\u0161eno 13.9.2023<\/p>\n<\/div>\n<p><a href=\"http:\/\/www.velketresne.cz\/wp-content\/uploads\/2023\/07\/priloha_1216282730_0_OOP-uzavirka-III-3625-Velke-Tresne.pdf\">priloha_1216282730_0_OOP uzav\u00edrka III-3625 Velk\u00e9 Tresn\u00e9<\/a> <a href=\"http:\/\/www.velketresne.cz\/wp-content\/uploads\/2023\/07\/priloha_1216282787_0_Uzavirka-III-3625-Velke-Tresne.pdf\">priloha_1216282787_0_Uzav\u00edrka III-3625 Velk\u00e9 Tresn\u00e9<\/a><\/p>\n<p>Vyv\u011b\u0161eno 15.7.2023<\/p>\n<p><a href=\"http:\/\/www.velketresne.cz\/wp-content\/uploads\/2023\/08\/RO_5.pdf\">Rozpo\u010dtov\u00e9 opat\u0159en\u00ed VT 5\/2023<\/a><br \/>Vyv\u011b\u0161eno: 14.7.2023<\/p>\n<p><a href=\"http:\/\/www.velketresne.cz\/wp-content\/uploads\/2023\/11\/Zaverecny-ucet-obce-Velke-Tresne-2022.pdf\">Z\u00e1v\u011bre\u010dn\u00fd \u00fa\u010det obce Velk\u00e9 Tresn\u00e9 2022<\/a><br \/>Vyv\u011b\u0161eno: 3.7.2023<\/p>\n<p><a href=\"http:\/\/www.velketresne.cz\/wp-content\/uploads\/2023\/06\/vykazy-2022.pdf\">\u00da\u010detn\u00ed z\u00e1v\u011brka obce Velk\u00e9 Tresn\u00e9 2022<\/a><\/p>\n<p>Vyv\u011b\u0161eno: 3.7.2023<\/p>\n<p><a href=\"http:\/\/www.velketresne.cz\/wp-content\/uploads\/2023\/06\/priloha_1182239294_0_Zprava-Velke-Tresne.pdf\">Zpr\u00e1va o p\u0159ezkoum\u00e1n\u00ed hospoda\u0159en\u00ed obce Velk\u00e9 Tresn\u00e9<\/a><br \/>Vyv\u011b\u0161eno: 3.7.2023<\/p>\n<div id=\"sites-canvas-main-content\">\n<p><a href=\"http:\/\/www.velketresne.cz\/wp-content\/uploads\/2023\/06\/Povinne-zverejneni-dle-z.-250-Zav.-ucet-1.pdf\">Povinn\u00e9 zve\u0159ejn\u011bn\u00ed dle z. 250 &#8211; Z\u00e1v. \u00fa\u010det (1)<\/a><\/p>\n<p>Vyv\u011b\u0161eno 21.6.2023<\/p>\n<\/div>\n<p><a href=\"http:\/\/www.velketresne.cz\/wp-content\/uploads\/2023\/06\/Zastupitelstvo-cerven-2023.pdf\">Zastupitelstvo \u010derven 2023<\/a><\/p>\n<p>Vyv\u011b\u0161eno 20.6.2023<\/p>\n<p><a href=\"http:\/\/www.velketresne.cz\/wp-content\/uploads\/2023\/06\/Navrh-ZAVERECNY_UCET_MIKROREGIONU_BYSTRICKO_ZA_ROK_2022.pdf\">N\u00e1vrh &#8211; Z\u00c1V\u011aRE\u010cN\u00dd_\u00da\u010cET_MIKROREGIONU_BYST\u0158ICKO_ZA_ROK_2022<\/a><\/p>\n<p>Vyv\u011b\u0161eno 2.6.2023<\/p>\n<p><a href=\"http:\/\/www.velketresne.cz\/wp-content\/uploads\/2023\/08\/RO_4.pdf\">Rozpo\u010dtov\u00e9 opat\u0159en\u00ed VT4\/2023<\/a><br \/>Vyv\u011b\u0161eno: 23.5.2023<\/p>\n<p><a href=\"http:\/\/www.velketresne.cz\/wp-content\/uploads\/2023\/06\/Navrh-zaverecneho-uctu.pdf\">Zpr\u00e1va o p\u0159ezkoum\u00e1n\u00ed hospoda\u0159en\u00ed obce Velk\u00e9 Tresn\u00e9<\/a><br \/>Vyv\u011b\u0161eno: 10.5.2023<\/p>\n<p><a href=\"http:\/\/www.velketresne.cz\/wp-content\/uploads\/2023\/06\/vykazy-2022.pdf\">\u00da\u010detn\u00ed z\u00e1v\u011brka obce Velk\u00e9 Tresn\u00e9 2022<\/a><\/p>\n<p>Vyv\u011b\u0161eno: 10.5.2023<\/p>\n<p><a href=\"http:\/\/www.velketresne.cz\/wp-content\/uploads\/2023\/08\/Navrh-zaverecneho-uctu-II.pdf\">N\u00e1vrh z\u00e1v\u011bre\u010dn\u00e9ho \u00fa\u010dtu obce Velk\u00e9 Tresn\u00e9<\/a>\u00a0<br \/>Vyv\u011b\u0161eno: 10.5.2023<\/p>\n<\/div>\n<p><a href=\"http:\/\/www.velketresne.cz\/wp-content\/uploads\/2023\/04\/Zastupitelstvo-kveten-2023.pdf\">Zastupitelstvo kv\u011bten 2023<\/a><\/p>\n<p>Vyv\u011b\u0161eno 24.4.2023<\/p>\n<p><a href=\"http:\/\/www.velketresne.cz\/wp-content\/uploads\/2023\/04\/Zapis-deti-do-MS-Rovecne-pro-skolni-rok-2023-2024.pdf\">Z\u00e1pis d\u011bt\u00ed do M\u0160 Rove\u010dn\u00e9 pro \u0161koln\u00ed rok 2023-2024<\/a><\/p>\n<p>Vyv\u011b\u0161eno 14.4.2023<\/p>\n<div id=\"sites-canvas-main\" class=\"sites-canvas-main\">\n<p><a href=\"http:\/\/www.velketresne.cz\/wp-content\/uploads\/2023\/04\/priloha_1173931237_0_00709759_dne_0515_2300611636.pdf\">priloha_1173931237_0_00709759_dne_0515_2300611636<\/a><\/p>\n<p>Ve\u0159ejn\u00e1 vyhl\u00e1\u0161ka<\/p>\n<p>Vyv\u011b\u0161eno 13.4.2023<\/p>\n<p><a href=\"http:\/\/www.velketresne.cz\/wp-content\/uploads\/2023\/04\/RO_3.pdf\">Rozpo\u010dtov\u00e9 opat\u0159en\u00ed VT3\/2023<\/a><br \/>Vyv\u011b\u0161eno: 29.3.2023<\/p>\n<div id=\"sites-canvas-main-content\">\n<p><a href=\"http:\/\/www.velketresne.cz\/wp-content\/uploads\/2023\/03\/ZS-a-MS-Rovecne-zapis-do-1.-rocniku-2023-2024-kriteria.pdf\">Z\u0160 a M\u0160 Rove\u010dn\u00e9 &#8211; z\u00e1pis do 1. ro\u010dn\u00edku 2023-2024 &#8211; krit\u00e9ria<\/a><a href=\"http:\/\/www.velketresne.cz\/wp-content\/uploads\/2023\/03\/ZS-a-MS-Rovecne-zapis-do-1.-rocniku-2023-2024-oznameni.pdf\">Z\u0160 a M\u0160 Rove\u010dn\u00e9 &#8211; z\u00e1pis do 1. ro\u010dn\u00edku 2023-2024 &#8211; ozn\u00e1men\u00ed<\/a><\/p>\n<p>Vyv\u011b\u0161eno: 22.3.2023<\/p>\n<p><a href=\"http:\/\/www.velketresne.cz\/wp-content\/uploads\/2023\/04\/RO_2.pdf\">Rozpo\u010dtov\u00e9 opat\u0159en\u00ed VT2\/2023<\/a><br \/>Vyv\u011b\u0161eno: 22.3.2023<\/p>\n<p><a href=\"http:\/\/www.velketresne.cz\/wp-content\/uploads\/2023\/03\/Navrh-rozpocet-2023.pdf\">N\u00e1vrh &#8211; rozpo\u010det 2023<\/a><\/p>\n<p>Vyv\u011b\u0161eno: 1.3.2023<\/p>\n<\/div>\n<\/div>\n<p><a href=\"http:\/\/www.velketresne.cz\/wp-content\/uploads\/2023\/03\/Zastupitelstvo-brezen2023.pdf\">Zastupitelstvo b\u0159ezen2023<\/a><\/p>\n<p>Vyv\u011b\u0161eno 28.2.2023<\/p>\n<div id=\"sites-canvas-main\" class=\"sites-canvas-main\">\n<div id=\"sites-canvas-main-content\">\n<p><a href=\"http:\/\/www.velketresne.cz\/wp-content\/uploads\/2023\/02\/priloha_1134892729_0_Narizeni_Statni_veterinarni_spravy_vysoce_patogenni_aviarni_influenza_Rovecne-ukonceni.pdf\">priloha_1134892729_0_Narizeni_Statni_veterinarni_spravy_vysoce_patogenni_aviarni_influenza_Rovecne-ukonceni<\/a><\/p>\n<p>Vyv\u011b\u0161eno 28.1.2023<\/p>\n<p><a href=\"http:\/\/www.velketresne.cz\/wp-content\/uploads\/2023\/04\/RO_1-1.pdf\">ROzpo\u010dtov\u00e9 opat\u0159en\u00ed VT1\/2023<\/a><br \/>Vyv\u011b\u0161eno: 16.1.2023<\/p>\n<p><a href=\"http:\/\/www.velketresne.cz\/wp-content\/uploads\/2023\/01\/Valna-hromada-HS-Rovecne.pdf\">Valn\u00e1 hromada HS Rove\u010dn\u00e9<\/a><\/p>\n<p>Vyv\u011b\u0161eno 11.1.2023<\/p>\n<h3 style=\"text-align: center;\">\u00a0ROK 2022<\/h3>\n<\/div>\n<p><a href=\"http:\/\/www.velketresne.cz\/wp-content\/uploads\/2023\/01\/Pozvanka_VH_HSOlesnice_2023.pdf\">Pozvanka_VH_HSOlesnice_2023<\/a><\/p>\n<p>Vyv\u011b\u0161eno 10.1.2023<\/p>\n<p><a href=\"http:\/\/www.velketresne.cz\/wp-content\/uploads\/2023\/01\/RO_7-2.pdf\">Rozpo\u010dtov\u00e9 opat\u0159en\u00ed VT7\/2022<\/a><br \/>Vyv\u011b\u0161eno: 30.12.2022<\/p>\n<div id=\"sites-canvas-main-content\">\n<p><a href=\"http:\/\/www.velketresne.cz\/wp-content\/uploads\/2023\/01\/Rozpocet-obce-2023.pdf\">Rozpo\u010det obce Velk\u00e9 Tresn\u00e92023<\/a><br \/>Vyv\u011b\u0161eno: 30.12.2022<\/p>\n<p><a href=\"http:\/\/www.velketresne.cz\/wp-content\/uploads\/2023\/01\/Strednedoby-rozpocet-obce.pdf\">St\u0159edn\u011bdob\u00fd rozpo\u010det obce Velk\u00e9 Tresn\u00e9<\/a><br \/>Vyv\u011b\u0161eno: 30.12.2022<\/p>\n<p><a href=\"http:\/\/www.velketresne.cz\/wp-content\/uploads\/2022\/12\/Zastupitelstvo-prosinec-2022.pdf\">Zastupitelstvo prosinec 2022<\/a><\/p>\n<p>Vyv\u011b\u0161eno 19.12.2022<\/p>\n<\/div>\n<p><a href=\"http:\/\/www.velketresne.cz\/wp-content\/uploads\/2022\/12\/priloha_1117543246_0_Narizeni_Statni_veterinarni_spravy_vysoce_patogenni_aviarni_influenza_Rovecne.pdf\">priloha_1117543246_0_Narizeni_Statni_veterinarni_spravy_vysoce_patogenni_aviarni_influenza_Rovecne<\/a><\/p>\n<p>Vyv\u011b\u0161eno 16.12.2022<\/p>\n<p><a href=\"http:\/\/www.velketresne.cz\/wp-content\/uploads\/2023\/01\/RO_6-1.pdf\">Rozpo\u010dtov\u00e9 opat\u0159en\u00ed VT6\/2022<\/a><br \/>Vyv\u011b\u0161eno: 15.12.2022<\/p>\n<p><a href=\"http:\/\/www.velketresne.cz\/wp-content\/uploads\/2023\/01\/RO_5-1.pdf\">Rozpo\u010dtov\u00e9 opat\u0159en\u00ed VT5\/2022<\/a><br \/>Vyv\u011b\u0161eno: 12.12.2022<\/p>\n<p><a href=\"http:\/\/www.velketresne.cz\/wp-content\/uploads\/2023\/01\/Navrh-rozpoctu-2023.pdf\">N\u00e1vrh rozpo\u010dtu obce Velk\u00e9 Tresn\u00e9 2023<\/a><br \/>Vyv\u011b\u0161eno: 9.12.2022<\/p>\n<p><a href=\"http:\/\/www.velketresne.cz\/wp-content\/uploads\/2023\/01\/Navrh-strednedobeho-rozpoctu.pdf\">N\u00e1vrh st\u0159edn\u011bdob\u00e9ho rozpo\u010dtu obce Velk\u00e9 Tresn\u00e9<\/a><br \/>Vyv\u011b\u0161eno: 9.12.2022<\/p>\n<p><a href=\"http:\/\/www.velketresne.cz\/wp-content\/uploads\/2022\/12\/Oznameni-o-dobe-a-miste-konani-volby-prezidenta-Ceske-republiky.pdf\">Ozn\u00e1men\u00ed o dob\u011b a m\u00edst\u011b kon\u00e1n\u00ed volby prezidenta \u010cesk\u00e9 republiky<\/a><\/p>\n<p>Vyv\u011b\u0161eno 29.11.2022<\/p>\n<p><a href=\"http:\/\/www.velketresne.cz\/wp-content\/uploads\/2022\/12\/2-informace-o-poctu-a-sidle-vol.okrsku.pdf\">2-informace o po\u010dtu a s\u00eddle vol.okrsk\u016f<\/a><\/p>\n<p>Vyv\u011b\u0161eno 29.11.2022<\/p>\n<\/div>\n<p><a href=\"http:\/\/www.velketresne.cz\/wp-content\/uploads\/2022\/11\/Zastupitelstvo-prosinec-2022.pdf\">Zastupitelstvo prosinec 2022<\/a><\/p>\n<p>Vyv\u011b\u0161eno 23.11.2022<\/p>\n<div id=\"sites-canvas-main\" class=\"sites-canvas-main\">\n<p><a href=\"http:\/\/www.velketresne.cz\/wp-content\/uploads\/2022\/11\/Rozpoctove-provizorium-2023.pdf\">Rozpo\u010dtov\u00e9 provizorium 2023<\/a> <a href=\"http:\/\/www.velketresne.cz\/wp-content\/uploads\/2022\/11\/Navrh-Strednedoby-vyhled-rozpoctu-na-obdobi-r.24-25-62Kc.pdf\">N\u00e1vrh St\u0159edn\u011bdob\u00fd v\u00fdhled rozpo\u010dtu na obdob\u00ed r.24-25 (62K\u010d)<\/a><\/p>\n<p>Vyv\u011b\u0161eno 7.11.2022<\/p>\n<p><a href=\"http:\/\/www.velketresne.cz\/wp-content\/uploads\/2022\/10\/Zastupitelstvo-rijen-2022.pdf\">Zastupitelstvo \u0159\u00edjen 2022<\/a><\/p>\n<p>Vyv\u011b\u0161eno 9.10.2022<\/p>\n<p><a href=\"http:\/\/www.velketresne.cz\/wp-content\/uploads\/2022\/12\/RO_4.pdf\">Rozpo\u010dtov\u00e9 opat\u0159en\u00ed VT4\/2022<\/a><br \/>Vyv\u011b\u0161eno: 9.10.2022<\/p>\n<p><a href=\"http:\/\/www.velketresne.cz\/wp-content\/uploads\/2022\/10\/RO_3-2022.pdf\">Rozpo\u010dtov\u00e9 opat\u0159en\u00ed VT3\/2022<\/a><\/p>\n<p>Vyv\u011b\u0161eno: 13.9.2022<\/p>\n<p><a href=\"http:\/\/www.velketresne.cz\/wp-content\/uploads\/2022\/09\/Oznameni-o-dobe-a-miste-konani-voleb.pdf\">Ozn\u00e1men\u00ed o dob\u011b a m\u00edst\u011b kon\u00e1n\u00ed voleb<\/a><\/p>\n<p>Vyv\u011b\u0161eno 9.9.2022<\/p>\n<\/div>\n<p><a href=\"http:\/\/www.velketresne.cz\/wp-content\/uploads\/2022\/09\/Zastupitelstvo-zari-2022.pdf\">Zastupitelstvo z\u00e1\u0159\u00ed 2022<\/a><\/p>\n<p>Vyv\u011b\u0161eno 1.9.2022<\/p>\n<div id=\"sites-canvas-main\" class=\"sites-canvas-main\">\n<p><a href=\"http:\/\/www.velketresne.cz\/wp-content\/uploads\/2022\/08\/Inzerat-brambory-2022.doc\">Inzer\u00e1t brambory 2022<\/a><\/p>\n<p>Vyv\u011b\u0161eno 28.9.2022<\/p>\n<div id=\"sites-canvas-main-content\">\n<p><a href=\"http:\/\/www.velketresne.cz\/wp-content\/uploads\/2022\/08\/2-informace-o-poctu-a-sidle-vol.okrsku.pdf\">2-informace o po\u010dtu a s\u00eddle vol.okrsk\u016f<\/a><\/p>\n<p>Vyv\u011b\u0161eno 9.8.2022<\/p>\n<\/div>\n<\/div>\n<p><a href=\"http:\/\/www.velketresne.cz\/wp-content\/uploads\/2022\/08\/Stanoveni-minimalniho-poctu-clenu-okrskove-volebni-komise.pdf\">Stanoven\u00ed minim\u00e1ln\u00edho po\u010dtu \u010dlen\u016f okrskov\u00e9 volebn\u00ed komise<\/a><\/p>\n<div id=\"sites-canvas-main\" class=\"sites-canvas-main\">\n<p>Vyv\u011b\u0161eno 25.7.2022<\/p>\n<p><a href=\"http:\/\/www.velketresne.cz\/wp-content\/uploads\/2022\/08\/RO-2-22.pdf\">Rozpo\u010dtov\u00e9 opat\u0159en\u00ed VT2\/2022<\/a><br \/>Vyv\u011b\u0161eno: 9.7.2022<\/p>\n<p><a href=\"http:\/\/www.velketresne.cz\/wp-content\/uploads\/2022\/06\/priloha_1041248513_0_Zprava-o-prezkoumani-hospodareni-obce-za-rok-2021-s-DP.pdf\">Zpr\u00e1va o p\u0159ezkoum\u00e1n\u00ed hospoda\u0159en\u00ed obce za rok 2021<\/a><br \/>Vyv\u011b\u0161eno: 14.6.2022<\/p>\n<p><a href=\"http:\/\/www.velketresne.cz\/wp-content\/uploads\/2022\/06\/Ucetni-zaverka.pdf\">\u00da\u010detn\u00ed z\u00e1v\u011brka obce Velk\u00e9 Tresn\u00e9 2021<\/a><br \/>Vyv\u011b\u0161eno: 14.6.2022<\/p>\n<p><a href=\"http:\/\/www.velketresne.cz\/wp-content\/uploads\/2022\/08\/Zaverecny-ucet-2021.pdf\">Z\u00e1v\u011bre\u010dn\u00fd \u00fa\u010det obce Velk\u00e9 Tresn\u00e92021<\/a><br \/>Vyv\u011b\u0161eno: 14.6.2022<\/p>\n<p><a href=\"http:\/\/www.velketresne.cz\/wp-content\/uploads\/2022\/06\/Stanoveni-poctu-clenu-zastupitelstva.pdf\">Stanoven\u00ed po\u010dtu \u010dlen\u016f zastupitelstva<\/a><\/p>\n<p>Vyv\u011b\u0161eno 13.6.2022<\/p>\n<div id=\"sites-canvas-main-content\">\n<p><a href=\"http:\/\/www.velketresne.cz\/wp-content\/uploads\/2022\/06\/POLICIE-Matej.jpg\"><img loading=\"lazy\" decoding=\"async\" class=\"alignnone size-medium wp-image-1119\" src=\"http:\/\/www.velketresne.cz\/wp-content\/uploads\/2022\/06\/POLICIE-Matej-300x120.jpg\" alt=\"\" width=\"300\" height=\"120\" srcset=\"https:\/\/www.velketresne.cz\/wp-content\/uploads\/2022\/06\/POLICIE-Matej-300x120.jpg 300w, https:\/\/www.velketresne.cz\/wp-content\/uploads\/2022\/06\/POLICIE-Matej-768x307.jpg 768w, https:\/\/www.velketresne.cz\/wp-content\/uploads\/2022\/06\/POLICIE-Matej-140x56.jpg 140w, https:\/\/www.velketresne.cz\/wp-content\/uploads\/2022\/06\/POLICIE-Matej.jpg 960w\" sizes=\"auto, (max-width: 300px) 100vw, 300px\" \/><\/a><\/p>\n<p>Vyv\u011b\u0161eno 8.6.2022<\/p>\n<p><a href=\"http:\/\/www.velketresne.cz\/wp-content\/uploads\/2022\/06\/Navrh-Zaverecny-ucet-MB-2021-vcetne-auditu.pdf\">N\u00e1vrh Z\u00e1v\u011bre\u010dn\u00fd \u00fa\u010det MB 2021 v\u010detn\u011b auditu<\/a><\/p>\n<p>Vyv\u011b\u0161eno 7.6.2022<\/p>\n<p><a href=\"http:\/\/www.velketresne.cz\/wp-content\/uploads\/2022\/06\/Zastupitelstvo-cerven-2022.pdf\">Zastupitelstvo \u010derven 2022<\/a><\/p>\n<p>Vyv\u011b\u0161eno 6.6.2022<\/p>\n<\/div>\n<p><a href=\"http:\/\/www.velketresne.cz\/wp-content\/uploads\/2022\/06\/Krajske-zastupitelstvo-pozvanka-.pdf\">Krajsk\u00e9 zastupitelstvo- pozv\u00e1nka<\/a><\/p>\n<p>Vyv\u011b\u0161eno 2.6.2022<\/p>\n<p><a href=\"http:\/\/www.velketresne.cz\/wp-content\/uploads\/2022\/06\/Navrh-zav.-uctu-2021.pdf\">N\u00e1vrh z\u00e1v. \u00fa\u010dtu obce Velk\u00e9 Tresn\u00e92021<\/a><br \/>Vyv\u011b\u0161eno: 25.5.2022<\/p>\n<p><a href=\"http:\/\/www.velketresne.cz\/wp-content\/uploads\/2022\/06\/Ucetni-zaverka.pdf\">\u00da\u010detn\u00ed z\u00e1v\u011brka obce Velk\u00e9 Tresn\u00e9 2021<\/a><br \/>Vyv\u011b\u0161eno: 25.5.2022<\/p>\n<p><a href=\"http:\/\/www.velketresne.cz\/wp-content\/uploads\/2022\/06\/priloha_1041248513_0_Zprava-o-prezkoumani-hospodareni-obce-za-rok-2021-s-DP.pdf\">Zpr\u00e1va o p\u0159ezkoum\u00e1n\u00ed hospoda\u0159en\u00ed obce za rok 2021<\/a><br \/>Vyv\u011b\u0161eno: 25.5.2022<\/p>\n<p><a href=\"http:\/\/www.velketresne.cz\/wp-content\/uploads\/2022\/05\/Park-miniatur-.pdf\">Park miniatur<\/a><\/p>\n<p>Vyv\u011b\u0161eno 15.5.2022<\/p>\n<div id=\"sites-canvas-main-content\">\n<p><a href=\"http:\/\/www.velketresne.cz\/wp-content\/uploads\/2022\/05\/priloha_1031910316_0_Narizeni_statni_veterinarni_spravy_mor_vceliho_plodu-_Krtenov_u_Olesnice-ochranne_pasmo.pdf\">V\u010del\u00ed mor<\/a><\/p>\n<p>Vyv\u011b\u0161eno 2.5.2022<\/p>\n<\/div>\n<div id=\"toolbar-48eb36e6-feb5-4eaa-8ddf-3dee32ce6714\" class=\"block-library-classic__toolbar has-advanced-toolbar\" data-placeholder=\"Klasick\u00fd editor\">\n<div id=\"mceu_51\" class=\"mce-tinymce mce-tinymce-inline mce-container mce-panel\" tabindex=\"-1\" role=\"application\">\n<div id=\"mceu_51-body\" class=\"mce-container-body mce-abs-layout\">\n<div id=\"mceu_52\" class=\"mce-toolbar-grp mce-container mce-panel mce-abs-layout-item mce-first mce-last\" tabindex=\"-1\" role=\"group\">\n<div id=\"mceu_52-body\" class=\"mce-container-body mce-stack-layout\">\n<div id=\"mceu_53\" class=\"mce-container mce-toolbar mce-stack-layout-item mce-first\" role=\"toolbar\">\n<div id=\"mceu_53-body\" class=\"mce-container-body mce-flow-layout\">\n<div id=\"mceu_54\" class=\"mce-container mce-flow-layout-item mce-first mce-last mce-btn-group\" role=\"group\">\n<div id=\"mceu_54-body\"><a style=\"font-size: revert; background-color: #ffffff; font-family: -apple-system, BlinkMacSystemFont, 'Segoe UI', Roboto, Oxygen-Sans, Ubuntu, Cantarell, 'Helvetica Neue', sans-serif;\" href=\"http:\/\/www.velketresne.cz\/wp-content\/uploads\/2022\/04\/Verejna-vyhlaska-dan-z-nemovitych-veci-.pdf\">Ve\u0159ejn\u00e1 vyhl\u00e1\u0161ka-da\u0148 z nemovit\u00fdch v\u011bc\u00ed<\/a><\/div>\n<\/div>\n<\/div>\n<\/div>\n<\/div>\n<\/div>\n<\/div>\n<\/div>\n<\/div>\n<\/div>\n<p>Vyv\u011b\u0161eno 24.4.2022<\/p>\n<p><a href=\"http:\/\/www.velketresne.cz\/wp-content\/uploads\/2022\/03\/Informacni-letak-o-zakazu-pouzivani-kotlu-2022_pr.-1.pdf\">Informa\u010dn\u00ed let\u00e1k o z\u00e1kazu pou\u017e\u00edv\u00e1n\u00ed kotl\u016f 2022_p\u0159. 1<\/a><\/p>\n<p>Vyv\u011b\u0161eno 20.3.2022<\/p>\n<p><a href=\"http:\/\/www.velketresne.cz\/wp-content\/uploads\/2022\/03\/Zasedani-zastupitelstva-dne-25.3.2022.pdf\">Zased\u00e1n\u00ed zastupitelstva dne 25.3.2022<\/a><\/p>\n<p>Vyv\u011b\u0161eno 18.3.2022<\/p>\n<p><a href=\"http:\/\/www.velketresne.cz\/wp-content\/uploads\/2022\/05\/RO-1-22.pdf\">Rozpo\u010dtov\u00e9 opat\u0159en\u00ed VT1\/2022<\/a><br \/>Vyv\u011b\u0161eno: 18.3.2022<\/p>\n<p><a href=\"http:\/\/www.velketresne.cz\/wp-content\/uploads\/2022\/03\/Zapis-do-1.rocniku-ZS-Rovecne-kriteria.pdf\">Z\u00e1pis do 1.ro\u010dn\u00edku Z\u0160 Rove\u010dn\u00e9 &#8211; krit\u00e9ria<\/a> <a href=\"http:\/\/www.velketresne.cz\/wp-content\/uploads\/2022\/03\/Zapis-do-1.rocniku-ZS-Rovecne-oznameni.pdf\">Z\u00e1pis do 1.ro\u010dn\u00edku Z\u0160 Rove\u010dn\u00e9 &#8211; ozn\u00e1men\u00ed<\/a><\/p>\n<p>Vyv\u011b\u0161eno 14.3.2022<\/p>\n<p><a href=\"http:\/\/www.velketresne.cz\/wp-content\/uploads\/2022\/02\/Letak-KURICE.CZ_.pdf\">Let\u00e1k KU\u0158ICE.CZ<\/a><\/p>\n<p>Vyv\u011b\u0161eno 1.2.2022<\/p>\n<h3 style=\"text-align: center;\"><strong>ROK 2021<\/strong><\/h3>\n<div id=\"sites-canvas-main\" class=\"sites-canvas-main\">\n<div id=\"sites-canvas-main-content\">\n<p><a href=\"http:\/\/www.velketresne.cz\/wp-content\/uploads\/2022\/02\/RO-9-22.pdf\">Rozpo\u010dtov\u00e9 opat\u0159en\u00ed VT9\/21<\/a><br \/>Vyv\u011b\u0161eno: 30.12.2021<\/p>\n<p><a href=\"http:\/\/www.velketresne.cz\/wp-content\/uploads\/2022\/02\/Rozpocet-2022.pdf\">Rozpo\u010det obce na rok 2022<\/a><br \/>Vyv\u011b\u0161eno: 30.12.2021<\/p>\n<\/div>\n<\/div>\n<p><a href=\"http:\/\/www.velketresne.cz\/wp-content\/uploads\/2022\/01\/Povinne-zverejneni-dle-z.-250-pro-rok-2022-na-UD-obci.pdf\">Povinn\u00e9 zve\u0159ejn\u011bn\u00ed dle z. 250 pro rok 2022 na \u00daD obc\u00ed<\/a><\/p>\n<p><a href=\"http:\/\/www.velketresne.cz\/wp-content\/uploads\/2022\/01\/Rozpoctove-provizorium-2022.pdf\">Rozpo\u010dtov\u00e9 provizorium 2022<\/a><\/p>\n<p><a href=\"http:\/\/www.velketresne.cz\/wp-content\/uploads\/2022\/01\/Strednedoby-vyhled-rozpoctu-na-obdobi-r.23-24-62Kc.pdf\">St\u0159edn\u011bdob\u00fd v\u00fdhled rozpo\u010dtu na obdob\u00ed r.23-24 (62K\u010d)<\/a><\/p>\n<p>Vyv\u011b\u0161eno 28.12.2021<\/p>\n<p><a href=\"http:\/\/www.velketresne.cz\/wp-content\/uploads\/2022\/02\/RO-8-22.pdf\">Rozpo\u010dtov\u00e9 opat\u0159en\u00ed VT8\/21<\/a><br \/>Vyv\u011b\u0161eno: 20.12.2021<\/p>\n<p><a href=\"http:\/\/www.velketresne.cz\/wp-content\/uploads\/2021\/12\/Zasedani-zastupitelstva-dne-28.12.2021.pdf\">Zased\u00e1n\u00ed zastupitelstva dne 28.12.2021<\/a><\/p>\n<p>Vyv\u011b\u0161eno dne 19.12.2021<\/p>\n<p><a href=\"http:\/\/www.velketresne.cz\/wp-content\/uploads\/2021\/12\/Obecne-zavazna-vyhlaska-obce-o-mistnim-poplatku-za-obecni-system-odpadoveho-hospodarstvi.pdf\">Obecn\u011b z\u00e1vazn\u00e1 vyhl\u00e1\u0161ka obce, o m\u00edstn\u00edm poplatku za obecn\u00ed syst\u00e9m odpadov\u00e9ho hospod\u00e1\u0159stv\u00ed<\/a><\/p>\n<p>Vyv\u011b\u0161eno :14.12.2021<\/p>\n<div id=\"sites-canvas-main\" class=\"sites-canvas-main\">\n<p><a href=\"http:\/\/www.velketresne.cz\/wp-content\/uploads\/2021\/11\/Ockovani-Bystrice-nad-Pernstejnem-30.11.2021-scaled.jpg\"><img loading=\"lazy\" decoding=\"async\" class=\"alignnone size-medium wp-image-1027\" src=\"http:\/\/www.velketresne.cz\/wp-content\/uploads\/2021\/11\/Ockovani-Bystrice-nad-Pernstejnem-30.11.2021-300x212.jpg\" alt=\"\" width=\"300\" height=\"212\" srcset=\"https:\/\/www.velketresne.cz\/wp-content\/uploads\/2021\/11\/Ockovani-Bystrice-nad-Pernstejnem-30.11.2021-300x212.jpg 300w, https:\/\/www.velketresne.cz\/wp-content\/uploads\/2021\/11\/Ockovani-Bystrice-nad-Pernstejnem-30.11.2021-1024x724.jpg 1024w, https:\/\/www.velketresne.cz\/wp-content\/uploads\/2021\/11\/Ockovani-Bystrice-nad-Pernstejnem-30.11.2021-768x543.jpg 768w, https:\/\/www.velketresne.cz\/wp-content\/uploads\/2021\/11\/Ockovani-Bystrice-nad-Pernstejnem-30.11.2021-1536x1086.jpg 1536w, https:\/\/www.velketresne.cz\/wp-content\/uploads\/2021\/11\/Ockovani-Bystrice-nad-Pernstejnem-30.11.2021-2048x1448.jpg 2048w, https:\/\/www.velketresne.cz\/wp-content\/uploads\/2021\/11\/Ockovani-Bystrice-nad-Pernstejnem-30.11.2021-140x99.jpg 140w\" sizes=\"auto, (max-width: 300px) 100vw, 300px\" \/><\/a><\/p>\n<p>Vyv\u011b\u0161eno 23.11.2021<\/p>\n<p><a style=\"font-size: revert;\" href=\"http:\/\/www.velketresne.cz\/wp-content\/uploads\/2021\/11\/Navrh-Strednedoby-vyhled-rozpoctu-na-obdobi-r.23-24-62Kc.pdf\">N\u00e1vrh St\u0159edn\u011bdob\u00fd v\u00fdhled rozpo\u010dtu na obdob\u00ed r.23-24 (62K\u010d)<\/a><\/p>\n<\/div>\n<p>Vyv\u011b\u0161eno 18.11.2021<\/p>\n<p><a href=\"http:\/\/www.velketresne.cz\/wp-content\/uploads\/2021\/12\/Rozpocet.pdf\">N\u00e1vrh rozpo\u010dtu obce Velk\u00e9 Tresn\u00e9<\/a><br \/>Vyv\u011b\u0161eno: 12.12.2021<\/p>\n<p><a href=\"http:\/\/www.velketresne.cz\/wp-content\/uploads\/2021\/12\/RO-7-21.pdf\">Rozpo\u010dtov\u00e9 opat\u0159en\u00ed VT7\/21<\/a><br \/>Vyv\u011b\u0161eno: 9.11.2021<\/p>\n<div id=\"sites-canvas-main\" class=\"sites-canvas-main\">\n<div id=\"sites-canvas-main-content\">\n<p><a href=\"http:\/\/www.velketresne.cz\/wp-content\/uploads\/2021\/11\/Vyhlaseni-zameru-.pdf\">Vyhl\u00e1\u0161en\u00ed z\u00e1m\u011bru<\/a> <a href=\"http:\/\/www.velketresne.cz\/wp-content\/uploads\/2021\/11\/Vyhlaseni-zameru-2.pdf\">Vyhl\u00e1\u0161en\u00ed z\u00e1m\u011bru (2)<\/a> <a href=\"http:\/\/www.velketresne.cz\/wp-content\/uploads\/2021\/11\/Vyhlaseni-zameru3.pdf\">Vyhl\u00e1\u0161en\u00ed z\u00e1m\u011bru(3)<\/a><\/p>\n<p>Vyv\u011b\u0161eno 1.11.2021<\/p>\n<\/div>\n<\/div>\n<p><a href=\"http:\/\/www.velketresne.cz\/wp-content\/uploads\/2021\/09\/Volebni-stanoviste-pro-hlasovani-z-automobilu-pro-okres-Zdar-nad-Sazavou-.pdf\">Volebn\u00ed stanovi\u0161t\u011b pro hlasov\u00e1n\u00ed z automobilu pro okres \u017d\u010f\u00e1r nad S\u00e1zavou<\/a><\/p>\n<p>Vyv\u011b\u0161eno 26.9.2021<\/p>\n<p><a href=\"http:\/\/www.velketresne.cz\/wp-content\/uploads\/2021\/09\/priloha_941593923_4_Informace-pro-volice_obcanske-prukazy.pdf\">priloha_941593923_4_Informace pro voli\u010de_ob\u010dansk\u00e9 pr\u016fkazy<\/a><\/p>\n<p>Vyv\u011b\u0161eno 14.9.2021<\/p>\n<div id=\"sites-canvas-main\" class=\"sites-canvas-main\">\n<div id=\"sites-canvas-main-content\">\n<p><a href=\"http:\/\/www.velketresne.cz\/wp-content\/uploads\/2021\/09\/Zasedani-zastupitelstva-obce-dne-20.9.2021.pdf\">Zased\u00e1n\u00ed zastupitelstva obce dne 20.9.2021<\/a><\/p>\n<p>Vyv\u011b\u0161eno 13.9.2021<\/p>\n<\/div>\n<\/div>\n<p><a href=\"http:\/\/www.velketresne.cz\/wp-content\/uploads\/2021\/08\/Oznameni-o-dobe-a-miste-konani-voleb-2021.pdf\">Ozn\u00e1men\u00ed o dob\u011b a m\u00edst\u011b kon\u00e1n\u00ed voleb 2021<\/a><\/p>\n<p>Vyv\u011b\u0161eno 23.8.2021<\/p>\n<p><a href=\"http:\/\/www.velketresne.cz\/wp-content\/uploads\/2021\/10\/RO-6-2021.pdf\">Rozpo\u010dtov\u00e9 opat\u0159en\u00ed VT6\/2021<\/a><br \/>Vyv\u011b\u0161eno: 12.8.2021<\/p>\n<p><a href=\"http:\/\/www.velketresne.cz\/wp-content\/uploads\/2021\/10\/RO-5-2021.pdf\">Rozpo\u010dtov\u00e9 opat\u0159en\u00ed VT5\/2021<\/a><br \/>Vyv\u011b\u0161eno: 28.7.2021<\/p>\n<div id=\"sites-canvas-main\" class=\"sites-canvas-main\">\n<div id=\"sites-canvas-main-content\">\n<p><a href=\"http:\/\/www.velketresne.cz\/wp-content\/uploads\/2021\/07\/zaverecny-ucet.pdf\">Z\u00e1v\u011bre\u010dn\u00fd \u00fa\u010det obce Velk\u00e9 Tresn\u00e9 2020<\/a><br \/>Vyv\u011b\u0161eno: 30.6.2021<\/p>\n<p><a href=\"http:\/\/www.velketresne.cz\/wp-content\/uploads\/2021\/06\/vykazy_Velke_Tresne.pdf\">\u00da\u010detn\u00ed z\u00e1v\u011brka obce Velk\u00e9 Tresn\u00e9 2020<\/a><br \/>Vyv\u011b\u0161eno: 30.6.2021<\/p>\n<p><a href=\"http:\/\/www.velketresne.cz\/wp-content\/uploads\/2021\/06\/priloha_915674876_0_Zprava-o-prezkoumani-hospodareni-obce-za-rok-20204.pdf\">Zpr\u00e1va o p\u0159ezkoum\u00e1n\u00ed hospoda\u0159en\u00ed obce za rok 2020<\/a><br \/>Vyv\u011b\u0161eno: 30.6.2021<\/p>\n<\/div>\n<\/div>\n<p><a href=\"http:\/\/www.velketresne.cz\/wp-content\/uploads\/2021\/06\/Zasedani-zastupitelstva-obce-dne-28.6.2021.pdf\">Zased\u00e1n\u00ed zastupitelstva obce dne 28.6.2021<\/a><\/p>\n<p>Vlo\u017eeno 21.6.2021<\/p>\n<div id=\"sites-canvas-main\" class=\"sites-canvas-main\">\n<div id=\"sites-canvas-main-content\">\n<p><a href=\"http:\/\/www.velketresne.cz\/wp-content\/uploads\/2021\/06\/vykazy_Velke_Tresne.pdf\">\u00da\u010detn\u00ed z\u00e1v\u011brka obce Velk\u00e9 Tresn\u00e9 2020<\/a><br \/>Vyv\u011b\u0161eno: 12.6.2021<\/p>\n<p><a href=\"http:\/\/www.velketresne.cz\/wp-content\/uploads\/2021\/06\/zaverecny-ucet-obce-2020-navrh.pdf\">N\u00e1vrh z\u00e1v\u011bre\u010dn\u00e9ho \u00fa\u010det obce 2020<\/a><\/p>\n<p>Vyv\u011b\u0161eno: 12.6.2021<\/p>\n<p><a href=\"http:\/\/www.velketresne.cz\/wp-content\/uploads\/2021\/06\/priloha_915674876_0_Zprava-o-prezkoumani-hospodareni-obce-za-rok-20204.pdf\">Zpr\u00e1va o p\u0159ezkoum\u00e1n\u00ed hospoda\u0159en\u00ed obce za rok 2020<\/a><br \/>Vyv\u011b\u0161eno:\u00a0 12.6.2021<\/p>\n<p><a href=\"http:\/\/www.velketresne.cz\/wp-content\/uploads\/2021\/07\/RO-4-21.pdf\">Rozpo\u010dtov\u00e9 opat\u0159en\u00ed VT4\/2021<\/a><br \/>Vyv\u011b\u0161eno: 8.6.2021<\/p>\n<\/div>\n<\/div>\n<p><a href=\"http:\/\/www.velketresne.cz\/wp-content\/uploads\/2021\/06\/Oznameni-o-navrzich-obecne-povahy.pdf\">Ozn\u00e1men\u00ed o n\u00e1vrz\u00edch obecn\u00e9 povahy<\/a><\/p>\n<p>Vyv\u011b\u0161eno 2.6.2021<\/p>\n<p><a href=\"http:\/\/www.velketresne.cz\/wp-content\/uploads\/2021\/05\/priloha_911315278_0_Narizeni_Statni_veterinarni_spravy_mor_vceliho_plodu_obec_Vir_Rovecne_ochranne_pasmo.pdf\">priloha_911315278_0_Narizeni_Statni_veterinarni_spravy_mor_vceliho_plodu_obec_Vir_Rovecne_ochranne_pasmo<\/a><\/p>\n<p>Vyv\u011b\u0161eno: 26.5.2021<\/p>\n<p><a href=\"http:\/\/www.velketresne.cz\/wp-content\/uploads\/2021\/07\/RO-3-21.pdf\">Rozpo\u010dtov\u00e9 opat\u0159en\u00ed VT3\/2021<\/a><br \/>Vyv\u011b\u0161eno: 15.5.2021<\/p>\n<p><a href=\"http:\/\/www.velketresne.cz\/wp-content\/uploads\/2021\/04\/Zasedani-zastupitelstva-obce-dne-4.5.2021.pdf\">Zased\u00e1n\u00ed zastupitelstva obce dne 4.5.2021<\/a><\/p>\n<p>Vyv\u011b\u0161eno : 27.4.2021<\/p>\n<p><a href=\"http:\/\/www.velketresne.cz\/wp-content\/uploads\/2021\/04\/Verejna-vyhlaska.pdf\">Ve\u0159ejn\u00e1 vyhl\u00e1\u0161ka<\/a><\/p>\n<p>Vyv\u011b\u0161eno: 26.4.2021<\/p>\n<p><a href=\"http:\/\/www.velketresne.cz\/wp-content\/uploads\/2021\/04\/scitani_2021_informacni_letak.pdf\">scitani_2021_informacni_letak<\/a><\/p>\n<p>Vyv\u011b\u0161eno 7.4.2021<\/p>\n<div id=\"sites-canvas-main\" class=\"sites-canvas-main\">\n<p><a href=\"http:\/\/www.velketresne.cz\/wp-content\/uploads\/2021\/04\/Povinne-zverejneni-dle-z.-250_MB-2021.pdf\">Povinn\u00e9 zve\u0159ejn\u011bn\u00ed dle z. 250_MB 2021V<\/a><\/p>\n<p><a href=\"http:\/\/www.velketresne.cz\/wp-content\/uploads\/2021\/04\/Rozpocet-2021-schvaleny.pdf\">Rozpo\u010det 2021 schv\u00e1len\u00fd<\/a><\/p>\n<p>Vyv\u011b\u0161eno 1.4.2021<\/p>\n<p><a href=\"http:\/\/www.velketresne.cz\/wp-content\/uploads\/2021\/07\/RO-2-21.pdf\">Rozpo\u010dtov\u00e9 opat\u0159en\u00ed VT2\/2021<\/a><br \/>Vyv\u011b\u0161eno: 26.3.2021<\/p>\n<\/div>\n<p><a href=\"http:\/\/www.velketresne.cz\/wp-content\/uploads\/2021\/03\/Informace-pro-starosty-a-obcany-Mikroregionu-Bystricka-1.docx\">Informace pro starosty a ob\u010dany Mikroregionu Byst\u0159icka<\/a><\/p>\n<p>Vyv\u011b\u0161eno:\u00a0 22.3.2021<\/p>\n<div id=\"sites-canvas-main\" class=\"sites-canvas-main\">\n<p><a href=\"http:\/\/www.velketresne.cz\/wp-content\/uploads\/2021\/03\/Zapis-do-1.rocniku.pdf\">Z\u00e1pis do 1.ro\u010dn\u00edku<\/a><\/p>\n<p>Vyv\u011b\u0161eno: 12.3.2021<\/p>\n<p><a href=\"http:\/\/www.velketresne.cz\/wp-content\/uploads\/2021\/03\/Navrh-rozpocet-2021.pdf\">N\u00e1vrh &#8211; rozpo\u010det 2021<\/a><\/p>\n<p>Vyv\u011b\u0161eno: 1.3.2021<\/p>\n<p><a href=\"http:\/\/www.velketresne.cz\/wp-content\/uploads\/2021\/05\/RO-1-2021.pdf\">Rozpo\u010dtov\u00e9 opat\u0159en\u00ed VT1\/21<\/a><br \/>Vyv\u011b\u0161eno: 1.3.2021<\/p>\n<p><a href=\"http:\/\/www.velketresne.cz\/wp-content\/uploads\/2021\/02\/Scitani-lidudomu-a-bytu.pdf\">S\u010d\u00edt\u00e1n\u00ed lidu,dom\u016f a byt\u016f<\/a><\/p>\n<p><a href=\"http:\/\/www.velketresne.cz\/wp-content\/uploads\/2021\/02\/Scitani-lidudomu-a-bytu-letak.pdf\">S\u010d\u00edt\u00e1n\u00ed lidu,dom\u016f a byt\u016f-let\u00e1k<\/a><\/p>\n<p>Vyv\u011b\u0161eno: 10.2.2021<\/p>\n<p><a href=\"http:\/\/www.velketresne.cz\/wp-content\/uploads\/2021\/03\/RO-1-2021.pdf\">Rozpo\u010dtov\u00e9 opat\u0159en\u00ed VT1\/2021<\/a><br \/>Vyv\u011b\u0161eno: 10.2.2021<\/p>\n<div id=\"sites-canvas-main-content\">\n<p><a href=\"http:\/\/www.velketresne.cz\/wp-content\/uploads\/2021\/02\/Oznameni-planu-pece-Nyklovicky-potok.pdf\">Ozn\u00e1men\u00ed pl\u00e1nu p\u00e9\u010de Nyklovick\u00fd potok<\/a><\/p>\n<p>Vyv\u011b\u0161eno : 5.2.2021<\/p>\n<h3>\u00a0<\/h3>\n<h3 style=\"text-align: center;\"><strong>ROK 2020<\/strong><\/h3>\n<p><a href=\"http:\/\/www.velketresne.cz\/wp-content\/uploads\/2021\/01\/Rozpo\u010det-obce-2021.pdf\">Rozpo\u010det obce Velk\u00e9 Tresn\u00e9 2021<\/a><br \/>Vyv\u011b\u0161eno: 31.12.2020<\/p>\n<p><a href=\"http:\/\/www.velketresne.cz\/wp-content\/uploads\/2021\/03\/ro-5-2020-II.pdf\">Rozpo\u010dtov\u00e9 opat\u0159en\u00ed VT5\/2020<\/a><br \/>Vyv\u011b\u0161eno: 21.12.2020<\/p>\n<\/div>\n<\/div>\n<p><a href=\"http:\/\/www.velketresne.cz\/wp-content\/uploads\/2020\/12\/Povinn\u00e9-zve\u0159ejn\u011bn\u00ed-dle-z.-250.pdf\">Povinn\u00e9 zve\u0159ejn\u011bn\u00ed dle z. 250<\/a><\/p>\n<p>Vyv\u011b\u0161eno 16.12.2020<\/p>\n<div id=\"sites-canvas-main\" class=\"sites-canvas-main\">\n<p><a href=\"http:\/\/www.velketresne.cz\/wp-content\/uploads\/2020\/11\/N\u00e1vrh-St\u0159edn\u011bdob\u00fd-v\u00fdhled-rozpo\u010dtu-na-obdob\u00ed-r.22-23-62K\u010d.pdf\">N\u00e1vrh St\u0159edn\u011bdob\u00fd v\u00fdhled rozpo\u010dtu na obdob\u00ed r.22-23 (62K\u010d)<\/a><\/p>\n<p>Vyv\u011b\u0161eno 24.11.2020<\/p>\n<p><a href=\"http:\/\/www.velketresne.cz\/wp-content\/uploads\/2021\/01\/Str\u0161ed.-rozp\u010det-2021.pdf\">St\u0159edn\u011bdob\u00fd v\u00fdhledov\u00fd rozpo\u010det obce 2021<\/a><br \/>Vyv\u011b\u0161eno: 25.11.2021<\/p>\n<div id=\"sites-canvas-main-content\">\n<p><a href=\"http:\/\/www.velketresne.cz\/wp-content\/uploads\/2021\/01\/N\u00e1vrh-rozp.-obce.pdf\">N\u00e1vrh rozpo\u010dtu obce na rok 2021<\/a><\/p>\n<p>Vyv\u011b\u0161eno: 2.11.2020<\/p>\n<p><a href=\"http:\/\/www.velketresne.cz\/wp-content\/uploads\/2020\/11\/N\u00e1vrh-v\u00fdhledov\u00e9ho-rozpo\u010dtu-2021.pdf\">N\u00e1vrh St\u0159edn\u011bdob\u00e9ho v\u00fdhledov\u00e9ho rozpo\u010dtu obce na rok 2021<\/a><br \/>Vyv\u011b\u0161eno: 2.11.2020<\/p>\n<p><a href=\"http:\/\/www.velketresne.cz\/wp-content\/uploads\/2021\/01\/RO-4-2020.pdf\">Rozpo\u010dtov\u00e9 opat\u0159en\u00ed VT4\/2020<\/a><br \/>Vyv\u011b\u0161eno: 20.11.2020<\/p>\n<\/div>\n<\/div>\n<p><a href=\"http:\/\/www.velketresne.cz\/wp-content\/uploads\/2020\/10\/Usnesen\u00ed-vl\u00e1dy-ze-dne-21.10.2020.pdf\">Usnesen\u00ed vl\u00e1dy ze dne 21.10.2020<\/a><\/p>\n<p>Vyv\u011b\u0161eno 21.10.2020<\/p>\n<p><a href=\"http:\/\/www.velketresne.cz\/wp-content\/uploads\/2020\/10\/Narizeni_Statni_veterinarni_spravy_-_ukonceni_ochranneho_pasma_moru_vceliho_plodu.pdf\">_Narizeni_Statni_veterinarni_spravy_-_ukonceni_ochranneho_pasma_moru_vceliho_plodu<\/a><\/p>\n<p>Vyv\u011b\u0161eno 11.10.2020<\/p>\n<p><a href=\"http:\/\/www.velketresne.cz\/wp-content\/uploads\/2020\/09\/Ozn\u00e1men\u00ed-o-dob\u011b-a-m\u00edst\u011b-kon\u00e1n\u00ed-voleb.pdf\">Ozn\u00e1men\u00ed o dob\u011b a m\u00edst\u011b kon\u00e1n\u00ed voleb<\/a><\/p>\n<p>Vyv\u011b\u0161eno 14.9.2020<\/p>\n<p><a href=\"http:\/\/www.velketresne.cz\/wp-content\/uploads\/2020\/11\/RO-3-2020.pdf\">Rozpo\u010dtov\u00e9 opat\u0159en\u00ed VT3\/2020<\/a><br \/>Vyv\u011b\u0161eno: 22.8.2020<\/p>\n<div id=\"sites-canvas-main\" class=\"sites-canvas-main\">\n<p><a href=\"http:\/\/www.velketresne.cz\/wp-content\/uploads\/2020\/08\/informace-o-po\u010dtu-a-s\u00eddle-volebn\u00edch-okrsk\u016f-pro-volby-do-sen\u00e1tu.pdf\">informace o po\u010dtu a s\u00eddle volebn\u00edch okrsk\u016f pro volby do sen\u00e1tu<\/a><\/p>\n<p>Vyv\u011b\u0161eno 18.8.2020<\/p>\n<p><a href=\"http:\/\/www.velketresne.cz\/wp-content\/uploads\/2020\/08\/Na\u0159\u00edzen\u00ed-St\u00e1tn\u00ed-veterin\u00e1rn\u00ed-spr\u00e1vy.pdf\">Na\u0159\u00edzen\u00ed St\u00e1tn\u00ed veterin\u00e1rn\u00ed spr\u00e1vy<\/a><\/p>\n<p>Vyv\u011b\u0161eno 27.7.2020<\/p>\n<div id=\"sites-canvas-main-content\">\n<p><a href=\"http:\/\/www.velketresne.cz\/wp-content\/uploads\/2020\/07\/Upozorn\u011bn\u00ed-pro-vlastn\u00edky-lesa.pdf\">Upozorn\u011bn\u00ed pro vlastn\u00edky lesa<\/a><\/p>\n<p>Vyv\u011b\u0161eno 14.7.2020<\/p>\n<\/div>\n<p><a href=\"http:\/\/www.velketresne.cz\/wp-content\/uploads\/2020\/07\/Povinn\u00e9-zve\u0159ejn\u011bn\u00ed-dle-z.-250-Z\u00e1v.-\u00fa\u010det-1.pdf\">Povinn\u00e9 zve\u0159ejn\u011bn\u00ed dle z. 250 &#8211; Z\u00e1v. \u00fa\u010det (1)<\/a><\/p>\n<p>Vyv\u011b\u0161eno 26.6.2020<\/p>\n<p><a href=\"http:\/\/www.velketresne.cz\/wp-content\/uploads\/2020\/09\/Ro-6-2020.pdf\">Rozpo\u010dtov\u00e9 opat\u0159en\u00ed VT2\/2020<\/a><br \/>Vyv\u011b\u0161eno: 15.6.2020<\/p>\n<\/div>\n<p><a href=\"http:\/\/www.velketresne.cz\/wp-content\/uploads\/2020\/06\/N\u00e1vrh_Z\u00c1V\u011aRE\u010cN\u00dd_\u00da\u010cET_MIKROREGIONU_BYST\u0158ICKO_ZA_ROK_2019.pdf\">N\u00e1vrh_Z\u00c1V\u011aRE\u010cN\u00dd_\u00da\u010cET_MIKROREGIONU_BYST\u0158ICKO_ZA_ROK_2019<\/a><\/p>\n<p>Vyv\u011b\u0161eno 8.6.2020<\/p>\n<p><a href=\"http:\/\/www.velketresne.cz\/wp-content\/uploads\/2020\/09\/z\u00e1v.-\u00fa\u010det.pdf\">Z\u00e1v\u011bre\u010dn\u00fd \u00fa\u010det obce Velk\u00e9 Tresn\u00e9 2019<\/a><br \/>Vyv\u011b\u0161eno: 7.5.2020<\/p>\n<p><a href=\"http:\/\/www.velketresne.cz\/wp-content\/uploads\/2020\/03\/Zpr\u00e1va-o-v\u00fdsledku-p\u0159ezkoum\u00e1n\u00ed-hospoda\u0159en\u00ed-za-rok-2019.pdf\">Zpr\u00e1va o v\u00fdsledku p\u0159ezkoum\u00e1n\u00ed hospoda\u0159en\u00ed za rok 2019<\/a><br \/>Vyv\u011b\u0161eno: 7.5.2020<\/p>\n<div id=\"sites-canvas-main\" class=\"sites-canvas-main\">\n<div id=\"sites-canvas-main-content\">\n<p><a href=\"http:\/\/www.velketresne.cz\/wp-content\/uploads\/2020\/04\/priloha_774357359_0_Krizov\u00e1-Zpr\u00e1va-o-p\u0159ezkoum\u00e1n\u00ed-hospoda\u0159en\u00ed-obce-s-DP-2019-Velk\u00e9-Tresn\u00e92.pdf\">Zpr\u00e1va o p\u0159ezkoum\u00e1n\u00ed hospoda\u0159en\u00ed obce<\/a><br \/>Vyv\u011b\u0161eno: 20.4.2020<\/p>\n<p><a href=\"http:\/\/www.velketresne.cz\/wp-content\/uploads\/2020\/04\/z\u00e1v\u011bre\u010dn\u00fd-\u00fa\u010det-obce-2019.pdf\">N\u00e1vrh z\u00e1v\u011bre\u010dn\u00e9ho \u00fa\u010dtu obce Velk\u00e9 Tresn\u00e9<\/a><br \/>Vyv\u011b\u0161eno: 20.4.2020<\/p>\n<\/div>\n<p><a href=\"http:\/\/www.velketresne.cz\/wp-content\/uploads\/2020\/04\/Dom\u00e1c\u00ed-\u00fakol-pro-babi\u010dky-a-d\u011bde\u010dky.jpg\"><img loading=\"lazy\" decoding=\"async\" class=\"alignnone size-medium wp-image-694\" src=\"http:\/\/www.velketresne.cz\/wp-content\/uploads\/2020\/04\/Dom\u00e1c\u00ed-\u00fakol-pro-babi\u010dky-a-d\u011bde\u010dky-200x300.jpg\" alt=\"\" width=\"200\" height=\"300\" srcset=\"https:\/\/www.velketresne.cz\/wp-content\/uploads\/2020\/04\/Dom\u00e1c\u00ed-\u00fakol-pro-babi\u010dky-a-d\u011bde\u010dky-200x300.jpg 200w, https:\/\/www.velketresne.cz\/wp-content\/uploads\/2020\/04\/Dom\u00e1c\u00ed-\u00fakol-pro-babi\u010dky-a-d\u011bde\u010dky.jpg 640w\" sizes=\"auto, (max-width: 200px) 100vw, 200px\" \/><\/a><\/p>\n<p>Vyv\u011b\u0161eno 17.4.2020<\/p>\n<\/div>\n<p><a href=\"http:\/\/www.velketresne.cz\/wp-content\/uploads\/2020\/04\/Ozn\u00e1men\u00ed-hejtmana-kraje-Vyso\u010dina.pdf\">Ozn\u00e1men\u00ed hejtmana kraje Vyso\u010dina<\/a><\/p>\n<p>Vyv\u011b\u0161eno dne 9.4.2020<\/p>\n<p><a href=\"http:\/\/www.velketresne.cz\/wp-content\/uploads\/2020\/04\/Krit\u00e9ria-pro-p\u0159ij\u00edm\u00e1n\u00ed-d\u011bt\u00ed-do-M\u0160-Rove\u010dn\u00e9-2020-2021.docx\">Krit\u00e9ria pro p\u0159ij\u00edm\u00e1n\u00ed d\u011bt\u00ed do M\u0160 Rove\u010dn\u00e9 2020-2021<\/a><\/p>\n<p><a href=\"http:\/\/www.velketresne.cz\/wp-content\/uploads\/2020\/04\/Ozn\u00e1men\u00ed-o-z\u00e1pisu-d\u011bt\u00ed-do-mate\u0159sk\u00e9-\u0161koly-2020-2021.docx\">Ozn\u00e1men\u00ed o z\u00e1pisu d\u011bt\u00ed do mate\u0159sk\u00e9 \u0161koly 2020-2021<\/a><\/p>\n<p><a href=\"http:\/\/www.velketresne.cz\/wp-content\/uploads\/2020\/04\/Podm\u00ednky-pro-p\u0159ij\u00edm\u00e1n\u00ed-d\u011bt\u00ed-do-M\u0160-Rove\u010dn\u00e9-2020-2021.docx\">Podm\u00ednky pro p\u0159ij\u00edm\u00e1n\u00ed d\u011bt\u00ed do M\u0160 Rove\u010dn\u00e9 2020-2021<\/a><\/p>\n<p><a href=\"http:\/\/www.velketresne.cz\/wp-content\/uploads\/2020\/04\/Povinn\u00e9-zve\u0159ejn\u011bn\u00ed-dle-z.-250-2020.pdf\">Povinn\u00e9 zve\u0159ejn\u011bn\u00ed dle z. 250 2020<\/a><\/p>\n<p><a href=\"http:\/\/www.velketresne.cz\/wp-content\/uploads\/2020\/04\/Ve\u0159ejn\u00e1-Vyhl\u00e1\u0161ka-aktualizace-Z\u00e1sad\u00fazen\u00edho-rozvoje-Kraje-Vyso\u010dina-.pdf\">Ve\u0159ejn\u00e1 Vyhl\u00e1\u0161ka-aktualizace Z\u00e1sad \u00fazemn\u00edho rozvoje Kraje Vyso\u010dina<\/a><\/p>\n<p>Vyv\u011b\u0161eno dne 3.4.2020<\/p>\n<div id=\"sites-canvas-main\" class=\"sites-canvas-main\">\n<div id=\"sites-canvas-main-content\">\n<p><a href=\"http:\/\/www.velketresne.cz\/wp-content\/uploads\/2020\/03\/Ozn\u00e1men\u00ed-Nemocnice-Nov\u00e9-M\u011bsto-na-Morav\u011b.doc\">Ozn\u00e1men\u00ed Nemocnice Nov\u00e9 M\u011bsto na Morav\u011b<\/a><\/p>\n<\/div>\n<p><a href=\"http:\/\/www.velketresne.cz\/wp-content\/uploads\/2020\/03\/Usnesen\u00ed-vl\u00e1dy-ze-dne-16.3.2020.pdf\">Usnesen\u00ed vl\u00e1dy ze dne 16.3.2020<\/a><\/p>\n<p>Vyv\u011b\u0161eno dne 17.3.2020<\/p>\n<\/div>\n<p><a href=\"http:\/\/www.velketresne.cz\/wp-content\/uploads\/2020\/03\/\u00da\u0159edn\u00ed-hodiny-M\u011b\u00da-Byst\u0159ice-nad-Pern\u0161tejnem.pdf\">\u00da\u0159edn\u00ed hodiny M\u011b\u00da Byst\u0159ice nad Pern\u0161tejnem<\/a><\/p>\n<p>Vyv\u011b\u0161eno dne 16.3.2020<\/p>\n<p><a href=\"http:\/\/www.velketresne.cz\/wp-content\/uploads\/2020\/03\/NOUZOV\u00dd-STAV-12.03.2020.pdf\">NOUZOV\u00dd STAV 12.03.2020<\/a><\/p>\n<p>Vyv\u011b\u0161eno dne 12.3.2020<\/p>\n<p><a href=\"http:\/\/www.velketresne.cz\/wp-content\/uploads\/2020\/03\/Informace-koronavir.pdf\">Informace koronavir<\/a><\/p>\n<p>Vyv\u011b\u0161eno dne 10.3.2020<\/p>\n<p><a href=\"http:\/\/www.velketresne.cz\/wp-content\/uploads\/2020\/03\/Upozorn\u011bn\u00ed-pro-vlastn\u00edky-lesa.pdf\">Upozorn\u011bn\u00ed pro vlastn\u00edky lesa<\/a><\/p>\n<p>Vyv\u011b\u0161eno dne 4.3.2020<\/p>\n<p><a href=\"http:\/\/www.velketresne.cz\/wp-content\/uploads\/2020\/03\/Zpr\u00e1va-o-v\u00fdsledku-p\u0159ezkoum\u00e1n\u00ed-hospoda\u0159en\u00ed-za-rok-2019.pdf\">Zpr\u00e1va o v\u00fdsledku p\u0159ezkoum\u00e1n\u00ed hospoda\u0159en\u00ed za rok 2019<\/a><\/p>\n<div id=\"sites-canvas-main\" class=\"sites-canvas-main\">\n<p><a href=\"http:\/\/www.velketresne.cz\/wp-content\/uploads\/2020\/03\/N\u00e1vrh-rozpo\u010det-2020-Mikroregion-k-vyv\u011b\u0161en\u00ed.pdf\">N\u00e1vrh &#8211; rozpo\u010det 2020 Mikroregion (k vyv\u011b\u0161en\u00ed)<\/a><\/p>\n<p>Vyv\u011b\u0161eno dne 2.3.2020<\/p>\n<p><a href=\"http:\/\/www.velketresne.cz\/wp-content\/uploads\/2020\/02\/J\u00edzdenka-VDV.pdf\">J\u00edzdenka VDV<\/a><\/p>\n<p><a href=\"http:\/\/www.velketresne.cz\/wp-content\/uploads\/2020\/02\/J\u00edzdenka-VDV-informa\u010dn\u00ed-let\u00e1k.pdf\">J\u00edzdenka VDV- informa\u010dn\u00ed let\u00e1k<\/a><\/p>\n<p>Vyv\u011b\u0161eno dne 17.2.2020<\/p>\n<p><a href=\"http:\/\/www.velketresne.cz\/wp-content\/uploads\/2020\/02\/\u017d\u010f\u00e1rsk\u00e1-s\u00ed\u0165-p\u0159\u00edloha.pdf\">\u017d\u010f\u00e1rsk\u00e1 s\u00ed\u0165 &#8211; p\u0159\u00edloha<\/a><\/p>\n<p><a href=\"http:\/\/www.velketresne.cz\/wp-content\/uploads\/2020\/02\/\u017d\u010f\u00e1rsk\u00e1-s\u00ed\u0165.pdf\">\u017d\u010f\u00e1rsk\u00e1 s\u00ed\u0165<\/a><\/p>\n<p>Vyv\u011b\u0161eno dne 17.2.2020<\/p>\n<div id=\"sites-canvas-main-content\">\n<p><a href=\"http:\/\/www.velketresne.cz\/wp-content\/uploads\/2020\/02\/Narizeni_o_ukonceni_pasma_dozoru_aviarni_influenzy_.pdf\">Na\u0159\u00edzen\u00ed o ukon\u010den\u00ed p\u00e1sma dozoru avi\u00e1rn\u00ed influenzy<\/a><\/p>\n<p>Vyv\u011b\u0161eno dne 17.2.2020<\/p>\n<p><a href=\"http:\/\/www.velketresne.cz\/wp-content\/uploads\/2020\/09\/Ro-2-2020.pdf\">Rozpo\u010dtov\u00e9 opat\u0159en\u00ed VT1\/2020<\/a><br \/>Vyv\u011b\u0161eno: 12.2.2020<\/p>\n<p><a href=\"http:\/\/www.velketresne.cz\/wp-content\/uploads\/2020\/01\/priloha_743935512_0_Narizeni_Statni_veterinarni_spravy_-_ochranna_pasma_Aviarni_influenzy_Stepanov_nad_Svratkou.pdf\" target=\"_blank\" rel=\"noopener noreferrer\">Na\u0159\u00edzen\u00ed st\u00e1tn\u00ed veterin\u00e1rn\u00ed spr\u00e1vy<\/a><\/p>\n<p>Vyv\u011b\u0161eno 20.1.2020<\/p>\n<h3 style=\"text-align: center;\"><strong>ROK 2019<\/strong><\/h3>\n<p><a href=\"http:\/\/www.velketresne.cz\/wp-content\/uploads\/2020\/02\/st\u0159edn\u011bdob\u00fd-rozpo\u010det.pdf\">St\u0159edn\u011bdob\u00fd v\u00fdhledov\u00fd rozpo\u010det obce<\/a><br \/>Vyv\u011b\u0161eno: 31.12.2019<\/p>\n<p><a href=\"http:\/\/www.velketresne.cz\/wp-content\/uploads\/2020\/02\/rozpo\u010det-2020.pdf\">Rozpo\u010det obce 2020<\/a><br \/>Vyv\u011b\u0161eno : 31.12.2019<\/p>\n<p><a href=\"http:\/\/www.velketresne.cz\/wp-content\/uploads\/2020\/02\/ro7-2020.pdf\">Rozpo\u010dtov\u00e9 opat\u0159en\u00ed VT 7\/2020<\/a><br \/>Vyv\u011b\u0161eno: 31.12.2019<\/p>\n<p><a href=\"http:\/\/www.velketresne.cz\/wp-content\/uploads\/2019\/12\/Rozpo\u010dtov\u00e9-provizorium-2020.pdf\">Rozpo\u010dtov\u00e9 provizorium 2020<\/a><\/p>\n<p><a href=\"http:\/\/www.velketresne.cz\/wp-content\/uploads\/2019\/12\/St\u0159edn\u011bdob\u00fd-v\u00fdhled-rozpo\u010dtu-na-obdob\u00ed-r.21-22-62K\u010d.pdf\">V\u00fdhled rozpo\u010dtu na obdob\u00ed 2021-2022<\/a><\/p>\n<p>Vyv\u011b\u0161eno: 20.12.2019<\/p>\n<p><a href=\"http:\/\/www.velketresne.cz\/wp-content\/uploads\/2019\/12\/vyhl\u00e1\u0161ka-psi.pdf\">Vyhl\u00e1\u0161ka o m\u00edstn\u00edm poplatku ze ps\u016f<\/a><br \/>Vyv\u011b\u0161eno: 10.12.2019<\/p>\n<p><a href=\"http:\/\/www.velketresne.cz\/wp-content\/uploads\/2019\/12\/ro-6-2019.pdf\">Rozpo\u010dtov\u00e9 opat\u0159en\u00ed VT6\/2019<\/a><br \/>Vyv\u011b\u0161eno: 18.11.2019<\/p>\n<p><a href=\"http:\/\/www.velketresne.cz\/wp-content\/uploads\/2019\/12\/n\u00e1vrh-st\u0159.v\u00fdhl.rozpo\u010det.pdf\">N\u00e1vrh st\u0159ed. v\u00fdhledov\u00e9ho rozpo\u010dtu obce<\/a><br \/>Vyv\u011b\u0161eno: 2.11.2019<\/p>\n<p><a href=\"http:\/\/www.velketresne.cz\/wp-content\/uploads\/2019\/12\/n\u00e1vrh-rozpo\u010dtu-obce.pdf\">N\u00e1vrh rozpo\u010dtu obce<\/a><br \/>Vyv\u011b\u0161eno: 2.11.2019<\/p>\n<p><a href=\"http:\/\/www.velketresne.cz\/wp-content\/uploads\/2019\/09\/priloha_705489311_3_41508_2019-MZE-16212.pdf\">Ve\u0159ejn\u00e1 vyhl\u00e1\u0161ka opat\u0159en\u00ed obecn\u00e9 povahy<\/a><\/p>\n<p>Vyv\u011b\u0161eno: 18.9.2019<\/p>\n<p><a href=\"http:\/\/www.velketresne.cz\/wp-content\/uploads\/2019\/12\/ro-5-2019.pdf\">Rozpo\u010dtov\u00e9 opat\u0159en\u00ed VT5\/2019<\/a><br \/>Vyv\u011b\u0161eno: 17.9.2019<\/p>\n<p><a href=\"http:\/\/www.velketresne.cz\/wp-content\/uploads\/2019\/09\/priloha_699945973_2_02_Ve\u0159ejn\u00e1_vyhl\u00e1\u0161ka_A4Z\u00daR.pdf\">Ve\u0159ejn\u00e1 vyhl\u00e1\u0161ka<\/a><\/p>\n<p>Vyv\u011b\u0161eno: 1.9.2019<\/p>\n<p><a href=\"http:\/\/www.velketresne.cz\/wp-content\/uploads\/2019\/09\/RO-VT4.pdf\">Rozpo\u010dtov\u00e9 opat\u0159en\u00ed VT4\/2019<\/a><br \/>Vyv\u011b\u0161eno: 31.7.2019<\/p>\n<h3 style=\"text-align: left;\">\u00a0<a href=\"http:\/\/www.velketresne.cz\/wp-content\/uploads\/2015\/06\/Ozn\u00e1men\u00ed-o-dob\u011b-a-m\u00edst\u011b-kon\u00e1n\u00ed-voleb-do-EP-2019.doc\">Ozn\u00e1men\u00ed o dob\u011b a m\u00edst\u011b kon\u00e1n\u00ed voleb do EP 2019<\/a><\/h3>\n<p>Vyv\u011b\u0161eno:9.5.2019<\/p>\n<p><a href=\"http:\/\/www.velketresne.cz\/wp-content\/uploads\/2019\/09\/RO-VT3.pdf\">Rozpo\u010dtov\u00e9 opat\u0159en\u00ed VT 3\/2019<\/a><br \/>Vyv\u011b\u0161eno: 2.5.2019<\/p>\n<p><a href=\"http:\/\/www.velketresne.cz\/wp-content\/uploads\/2019\/04\/Zprava_o_prezkoumani_hospodareni_obce__s__DP_-_2018_-_Velke_Tresne__01.01.2018_-_31.12.2018_.pdf\">Zpr\u00e1va o p\u0159ezkoum\u00e1n\u00ed hospoda\u0159en\u00ed obce<\/a><br \/>Vyv\u011b\u0161eno: 26.4.2019<\/p>\n<p><a href=\"http:\/\/www.velketresne.cz\/wp-content\/uploads\/2019\/04\/z\u00e1v\u011bre\u010dn\u00fd-\u00fa\u010det-obce-2018.doc\"> Z\u00e1v\u011bre\u010dn\u00fd \u00fa\u010det obce<\/a><br \/>Vyv\u011b\u0161eno: 26.4.2019<\/p>\n<p><a href=\"http:\/\/www.velketresne.cz\/wp-content\/uploads\/2019\/04\/z\u00e1v\u011bre\u010dn\u00fd-\u00fa\u010det-obce-2018.doc\">N\u00e1vrh Z\u00e1v\u011bre\u010dn\u00e9ho \u00fa\u010dtu obce<\/a><br \/>Vyv\u011b\u0161eno: 9.4.2019<\/p>\n<p><a href=\"http:\/\/www.velketresne.cz\/wp-content\/uploads\/2019\/04\/Zprava_o_prezkoumani_hospodareni_obce__s__DP_-_2018_-_Velke_Tresne__01.01.2018_-_31.12.2018_.pdf\">Zpr\u00e1va o p\u0159ezkoum\u00e1n\u00ed hospoda\u0159en\u00ed obce<\/a><br \/>Vyv\u011b\u0161eno: 9.4.2019<\/p>\n<p><a href=\"http:\/\/www.velketresne.cz\/wp-content\/uploads\/2015\/06\/2-informace-o-po\u010dtu-a-s\u00eddle-vol.okrsk\u016f-3.doc\">Informace o po\u010dtu a s\u00eddle vol.okrsk\u016f<\/a><\/p>\n<p>Vyv\u011b\u0161eno: 9.4.2019<\/p>\n<p><a href=\"http:\/\/www.velketresne.cz\/wp-content\/uploads\/2019\/04\/RO-2.pdf\">Rozpo\u010dtov\u00e9 opat\u0159en\u00ed VT2\/2019<\/a><br \/>Vyv\u011b\u0161eno: 26.3.2019<\/p>\n<p><a href=\"http:\/\/www.velketresne.cz\/wp-content\/uploads\/2015\/06\/1-stanoven\u00ed-minim\u00e1ln\u00edho-po\u010dtu-\u010dlen\u016f-okrskov\u00e9-volebn\u00ed-komise.doc\">Stanoven\u00ed minim\u00e1ln\u00edho po\u010dtu \u010dlen\u016f okrskov\u00e9 volebn\u00ed komise<\/a><\/p>\n<p>Vyv\u011b\u0161eno: 25.3.2019<\/p>\n<\/div>\n<p><a href=\"http:\/\/www.velketresne.cz\/wp-content\/uploads\/2019\/02\/Program-zased%C3%A1n%C3%AD-zastupitelstva-1.3.2019.docx\">Program zased\u00e1n\u00ed zastupitelstva 1.3.2019<\/a><\/p>\n<p>Vyv\u011b\u0161eno: 21.2.2019<\/p>\n<p><a href=\"http:\/\/www.velketresne.cz\/wp-content\/uploads\/2019\/03\/RO-1-201.pdf\">Rozpo\u010dtov\u00e9 opat\u0159en\u00ed VT1\/2019<\/a><br \/>Vyv\u011b\u0161eno: 20.1.2019<\/p>\n<div id=\"sites-canvas-main-content\">\n<h3 style=\"text-align: center;\"><strong>ROK 2018<\/strong><\/h3>\n<p><a href=\"http:\/\/www.velketresne.cz\/wp-content\/uploads\/2019\/03\/RO-14-2018.pdf\">Rozpo\u010dtov\u00e9 opat\u0159en\u00ed VT14\/2018<\/a><br \/>Vyv\u011b\u0161eno: 21.12.2018<\/p>\n<p><a href=\"http:\/\/www.velketresne.cz\/wp-content\/uploads\/2018\/12\/Velke_Tresne_-_rozpocet.xlsx\">Rozpo\u010det obce Velk\u00e9 Tresn\u00e9<\/a><br \/>Vyv\u011b\u0161eno: 21.12.2018<\/p>\n<p><a href=\"http:\/\/www.velketresne.cz\/wp-content\/uploads\/2018\/12\/St\u0159ednedov\u00fd-v\u00fdhledov\u00fd-rozpo\u010det.xlsx\">St\u0159ed. v\u00fdhledov\u00fd rozpo\u010det obce Velk\u00e9 Tresn\u00e9<\/a><br \/>Vyv\u011b\u0161eno: 21.12.2018<\/p>\n<p><a href=\"http:\/\/www.velketresne.cz\/wp-content\/uploads\/2018\/12\/ro-13-2018.pdf\">Rozpo\u010dtov\u00e9 opat\u0159en\u00ed VT13\/2018<\/a><br \/>Vyv\u011b\u0161eno: 15.11.2018<\/p>\n<p><a href=\"http:\/\/www.velketresne.cz\/wp-content\/uploads\/2018\/10\/Program-na-ustavuj\u00edc\u00ed-zased\u00e1n\u00ed-ZO-listopad2018.pdf\">Pozv\u00e1nka na ustavuj\u00edc\u00ed zased\u00e1n\u00ed zastupitelstva obce dne 4. 11. 2018<\/a><br \/>Vyv\u011b\u0161eno: 24.10. 2018<\/p>\n<p><a href=\"http:\/\/www.velketresne.cz\/wp-content\/uploads\/2018\/12\/N\u00e1vrh-st\u0159edn\u011bdob\u00e9ho-rozpo\u010dtu.xlsx\">N\u00e1vrh st\u0159. v\u00fdhledov\u00e9ho rozpo\u010dtu obce Velk\u00e9 Tresn\u00e9<\/a><br \/>Vyv\u011b\u0161eno: 17.10.2018<\/p>\n<p><a href=\"http:\/\/www.velketresne.cz\/wp-content\/uploads\/2018\/12\/N\u00e1vrh-rozpo\u010dtu.xlsx\">N\u00e1vrh rozpo\u010dtu obce Velk\u00e9 Tresn\u00e9<\/a><br \/>Vyv\u011b\u0161eno: 17.10.2018<\/p>\n<p><a href=\"http:\/\/www.velketresne.cz\/wp-content\/uploads\/2018\/12\/ro-12-2018.pdf\">Rozpo\u010dtov\u00e9 opat\u0159en\u00ed VT12\/2018<\/a><br \/>Vyv\u011b\u0161eno: 6.10.2018<\/p>\n<p><a href=\"http:\/\/www.velketresne.cz\/wp-content\/uploads\/2018\/12\/ro-11-2018.pdf\">Rozpo\u010dtov\u00e9 opat\u0159en\u00ed VT11\/2018<\/a><br \/>Vyv\u011b\u0161eno: 23.9.2018<\/p>\n<p><a href=\"http:\/\/www.velketresne.cz\/wp-content\/uploads\/2018\/09\/5-ozn\u00e1men\u00ed-o-dob\u011b-a-m\u00edst\u011b-kon\u00e1n\u00ed-voleb-2018.pdf\">Ozn\u00e1men\u00ed o dob\u011b a m\u00edstu kon\u00e1n\u00ed voleb zastupitelstva<\/a><br \/>Vyv\u011b\u0161eno: 20. 9.2018 Sejmuto :\u00a0 \u00a0 \u00a0 \u00a0 .2018<\/p>\n<p><a href=\"http:\/\/www.velketresne.cz\/wp-content\/uploads\/2018\/09\/Program-na-zased\u00e1n\u00ed-ZO-z\u00e1\u0159\u00ed-2018.pdf\">Pozv\u00e1nka na zased\u00e1n\u00ed zastupitelstva obce dne 17. 9. 2018<\/a><br \/>Vyv\u011b\u0161eno: 10. 9. 2018<\/p>\n<p><a href=\"http:\/\/www.velketresne.cz\/wp-content\/uploads\/2018\/09\/RO-10-2018.pdf\">Rozpo\u010dtov\u00e9 opat\u0159en\u00ed VT10\/2018<\/a><br \/>Vyv\u011b\u0161eno: 30.8.2018<\/p>\n<p><a href=\"http:\/\/www.velketresne.cz\/wp-content\/uploads\/2018\/08\/2-informace-o-po\u010dtu-a-s\u00eddle-vol.okrsk\u016f.pdf\">Informace o po\u010dtu a s\u00eddlech volebn\u00edch okrsk\u016f<\/a><br \/>Vyv\u011b\u0161eno: 20. 8.2018 Sejmuto :\u00a0 \u00a0 \u00a0 \u00a0 .2018<\/p>\n<p><a href=\"http:\/\/www.velketresne.cz\/wp-content\/uploads\/2018\/08\/Stanoven\u00ed-minim\u00e1ln\u00edho-po\u010dtu-\u010dlen\u016f-okrskov\u00e9-volebn\u00ed-komise.pdf\">Stanoven\u00ed minim\u00e1ln\u00edho po\u010dtu \u010dlen\u016f okrskov\u00e9 volebn\u00ed komise<br \/>Vyv\u011b\u0161eno: 2. 8.2018 Sejmuto :\u00a0 \u00a0 \u00a0 \u00a0 .2018<\/a><\/p>\n<p><a href=\"http:\/\/www.velketresne.cz\/wp-content\/uploads\/2015\/06\/RO-9-nov\u00e9.pdf\">Rozpo\u010dtov\u00e9 opat\u0159en\u00ed VT9\/2018<\/a><br \/>Vyv\u011b\u0161eno:18.7.2018<\/p>\n<p><a href=\"http:\/\/www.velketresne.cz\/wp-content\/uploads\/2018\/07\/Program-na-zased\u00e1n\u00ed-ZO-\u010dervenec-2018.pdf\">Pozv\u00e1nka na zased\u00e1n\u00ed zastupitelstva obce dne 23. 7. 2018<\/a><br \/>Vyv\u011b\u0161eno: 16.7. 2018<\/p>\n<p><a href=\"http:\/\/www.velketresne.cz\/wp-content\/uploads\/2018\/07\/Ozn\u00e1men\u00ed-o-dob\u011b-a-m\u00edst\u011b-kon\u00e1n\u00ed-voleb.pdf\">Ozn\u00e1men\u00ed o dob\u011b a m\u00edst\u011b kon\u00e1n\u00ed voleb do zastupitelstva obce<\/a><br \/>Vyv\u011b\u0161eno: 14.7.2018 Sejmuto :\u00a0 \u00a0 \u00a0 \u00a0 .2018<\/p>\n<p>Z\u00e1v\u011bre\u010dn\u00fd \u00fa\u010det\u00a0Mikroregionu<br \/>Vyv\u011b\u0161eno: 30.6.2018<\/p>\n<p><a href=\"http:\/\/www.velketresne.cz\/wp-content\/uploads\/2018\/07\/588221922_1_Ve\u0159ejn\u00e1_vyhl\u00e1\u0161ka_A4ZUR_obce.pdf\">Ve\u0159ejn\u00e1 vyhl\u00e1\u0161ka ozn\u00e1men\u00ed &#8211; aktualizace pl\u00e1nu rozvoje Kraje Vyso\u010dina<\/a><br \/>Vyv\u011b\u0161eno: 30.6.2018 Sejmuto : 13.8.2018<\/p>\n<p><a href=\"http:\/\/www.velketresne.cz\/wp-content\/uploads\/2018\/07\/RO-8-2018.pdf\">Rozpo\u010dtov\u00e9 opat\u0159en\u00ed VT8\/2018<\/a><br \/>Vyv\u011b\u0161eno: 25.6.2018<\/p>\n<p><a href=\"http:\/\/www.velketresne.cz\/wp-content\/uploads\/2018\/05\/z\u00e1v\u011bre\u010dn\u00fd-\u00fa\u010det-obce-2017.doc\">Z\u00e1v\u011bre\u010dn\u00fd \u00fa\u010det obce<\/a><br \/>Vyv\u011b\u0161eno:\u00a025.6.2018<\/p>\n<p><a href=\"http:\/\/www.velketresne.cz\/wp-content\/uploads\/2018\/05\/N\u00e1vrh-z\u00e1v\u011bre\u010dn\u00e9ho-\u00fa\u010dtu.pdf\">Zpr\u00e1va o v\u00fdsledku p\u0159ezkoum\u00e1n\u00ed hospoda\u0159en\u00ed<\/a><br \/>Vyv\u011b\u0161eno: 25.6.2018<\/p>\n<p><a href=\"http:\/\/www.velketresne.cz\/wp-content\/uploads\/2018\/06\/Program-na-zased\u00e1n\u00ed-ZO-\u010derven-2018.pdf\">Pozv\u00e1nka na zased\u00e1n\u00ed zastupitelstva obce dne 20. 6. 2018<\/a><br \/>Vyv\u011b\u0161eno: 12.6. 2018<\/p>\n<p><a href=\"http:\/\/www.velketresne.cz\/wp-content\/uploads\/2018\/06\/ZK-04-2018-01_pozvanka_obce.pdf\">Zased\u00e1n\u00ed zastupitelstva Kraje Vyso\u010dina 4\/2018<\/a><br \/>Vyv\u011b\u0161eno: 10. 6.2018<\/p>\n<p><a href=\"http:\/\/www.velketresne.cz\/wp-content\/uploads\/2018\/06\/N\u00e1vrh-z\u00e1v\u011bre\u010dn\u00e9ho-\u00fa\u010dtu-MB-za-rok-2017.pdf\">N\u00e1vrh z\u00e1v\u011bre\u010dn\u00e9ho \u00fa\u010dtu Mikroregionu Byst\u0159icko za rok 2017<\/a><br \/>Vyv\u011b\u0161eno: 1. 6.2018<\/p>\n<p><a href=\"http:\/\/www.velketresne.cz\/wp-content\/uploads\/2015\/06\/Jmenov\u00e1n\u00ed-pov\u011b\u0159ence.pdf\">Ozn\u00e1men\u00ed o jmenov\u00e1n\u00ed pov\u011b\u0159ence pro ochranu osobn\u00edch \u00fadaj\u016f<\/a><br \/>Vyv\u011b\u0161eno: 22.5.2018<\/p>\n<p><a href=\"http:\/\/www.velketresne.cz\/wp-content\/uploads\/2018\/06\/RO-7-2018.pdf\">Rozpo\u010dtov\u00e9 opat\u0159en\u00ed VT7\/2018<\/a><br \/>Vyv\u011b\u0161eno: 17.5.2018<\/p>\n<p><a href=\"http:\/\/www.velketresne.cz\/wp-content\/uploads\/2018\/05\/N\u00e1vrh-z\u00e1v\u011bre\u010dn\u00e9ho-\u00fa\u010dtu.pdf\">Zpr\u00e1va o v\u00fdsledku p\u0159ezkoum\u00e1n\u00ed hospoda\u0159en\u00ed<\/a><br \/>Vyv\u011b\u0161eno: 17.5.2018<\/p>\n<p><a href=\"http:\/\/www.velketresne.cz\/wp-content\/uploads\/2018\/05\/z\u00e1v\u011bre\u010dn\u00fd-\u00fa\u010det-obce-2017.doc\">N\u00e1vrh z\u00e1v\u011bre\u010dn\u00e9ho \u00fa\u010dtu obce<\/a><br \/>Vyv\u011b\u0161eno: 17.5.2018<\/p>\n<p><a href=\"http:\/\/www.velketresne.cz\/wp-content\/uploads\/2018\/10\/Z\u00e1v\u011bre\u010dn\u00fd-\u00fa\u010det-za-rok-2017.xlsx\">N\u00e1vth \u00fa\u010detn\u00ed z\u00e1v\u011brky obce<\/a><br \/>Vyv\u011b\u0161eno : 17.5.2018<\/p>\n<p><a href=\"http:\/\/www.velketresne.cz\/wp-content\/uploads\/2018\/05\/Program-na-zased\u00e1n\u00ed-ZO-kv\u011bten-2018.pdf\">Pozv\u00e1nka na zased\u00e1n\u00ed zastupitelstva obce dne 14. 5. 2018<\/a><br \/>Vyv\u011b\u0161eno: 7.5. 2018<\/p>\n<p><a href=\"http:\/\/www.velketresne.cz\/wp-content\/uploads\/2018\/05\/RO-6-2018.pdf\">Rozpo\u010dtov\u00e9 opat\u0159en\u00ed VT\/6 2018<\/a><br \/>Vyv\u011b\u0161eno: 30.4.2018<\/p>\n<p><a href=\"http:\/\/www.velketresne.cz\/wp-content\/uploads\/2018\/04\/568584858_0_00304013_dne_0515_1800852504.pdf\">Ve\u0159ejn\u00e1 vyhl\u00e1\u0161ka Finan\u010dn\u00edho \u00fa\u0159adu pro Kraj Vyso\u010dina ze dne 19. 4. 2018<\/a><br \/>Vyv\u011b\u0161eno: 22. 4. 2018<\/p>\n<p><a href=\"http:\/\/www.velketresne.cz\/wp-content\/uploads\/2018\/05\/RO-5-2018.pdf\">Rozpo\u010dtov\u00e9 opat\u0159en\u00ed VT5\/2018<\/a><br \/>Vyv\u011b\u0161eno: 18.3.2018<\/p>\n<p><a href=\"http:\/\/www.velketresne.cz\/wp-content\/uploads\/2018\/05\/ZRR-20-2018.pdf\">Zm\u011bna rozpisu rozpo\u010dtu ZRR 20\/2018<\/a><br \/>Vyv\u011b\u0161eno: 6.3.2018<\/p>\n<p><a href=\"http:\/\/www.velketresne.cz\/wp-content\/uploads\/2018\/05\/ZRR-10-2018.pdf\">Zm\u011bna rozpisu rozpo\u010dtu ZRR 10\/2018<\/a><br \/>Vyv\u011b\u0161eno: 1.3.2018<\/p>\n<p><a href=\"http:\/\/www.velketresne.cz\/wp-content\/uploads\/2018\/03\/RO-4-2018.pdf\">Rozpo\u010dtov\u00e9 opat\u0159en\u00ed VT4\/2018<\/a><br \/>Vyv\u011b\u0161eno: 1.3.2018<\/p>\n<p><a href=\"http:\/\/www.velketresne.cz\/wp-content\/uploads\/2018\/02\/Program-na-zased\u00e1n\u00ed-ZO-\u00fanor-2018.pdf\">Pozv\u00e1nka na zased\u00e1n\u00ed zastupitelstva obce dne 26. 2. 2018<\/a><br \/>Vyv\u011b\u0161eno:\u00a019. 2. 2018<\/p>\n<p><a href=\"http:\/\/www.velketresne.cz\/wp-content\/uploads\/2018\/02\/Rozpo\u010det-na-rok-2018-n\u00e1vrh.pdf\">Rozpo\u010det Mikroregionu Byst\u0159icko na rok\u00a02018<\/a><br \/>Vyv\u011b\u0161eno: 10.2.2018<\/p>\n<p><a href=\"http:\/\/www.velketresne.cz\/wp-content\/uploads\/2018\/03\/RO-3-2018.pdf\">Rozpo\u010dtov\u00e9 opat\u0159en\u00ed VT3\/2018<\/a><br \/>Vyv\u011b\u0161eno: 2.2.2018<\/p>\n<p><a href=\"http:\/\/www.velketresne.cz\/wp-content\/uploads\/2018\/02\/RO-1-2-2018.pdf\">Rozpo\u010dtov\u00e9 opat\u0159en\u00ed 1-2\/ 2018<\/a><br \/>Vyv\u011b\u0161eno: 15.1.2018<\/p>\n<p><a href=\"http:\/\/www.velketresne.cz\/wp-content\/uploads\/2018\/02\/Rozpo\u010det-obce-2018.pdf\">Rozpo\u010det obce Velk\u00e9 Tresn\u00e9 2018<\/a><br \/>Vyv\u011b\u0161eno: 10.1.2018<\/p>\n<p><a href=\"http:\/\/www.velketresne.cz\/wp-content\/uploads\/2018\/02\/V\u00fdhledov\u00fd-rozpo\u010det-obce-2018.pdf\">St\u0159edn\u011bdob\u00fd v\u00fdhledov\u00fd rozpo\u010det obce 2018<\/a><br \/>Vyv\u011b\u0161eno: 10.1.2018<\/p>\n<p><a href=\"http:\/\/www.velketresne.cz\/wp-content\/uploads\/2018\/01\/5-ozn\u00e1men\u00ed-o-dob\u011b-a-m\u00edst\u011b-kon\u00e1n\u00ed-voleb-2018.pdf\">Ozn\u00e1men\u00ed o dob\u011b a m\u00edst\u011b kon\u00e1n\u00ed voleb prezidenta \u010cR<\/a><br \/>Vyv\u011b\u0161eno: 28. 12. 2017<\/p>\n<h3 style=\"text-align: center;\">\u00a0<\/h3>\n<div id=\"sites-canvas-main-content\">\n<h3 style=\"text-align: center;\"><strong>ROK 2017<\/strong><\/h3>\n<p><a href=\"http:\/\/www.velketresne.cz\/wp-content\/uploads\/2018\/02\/RO-22-nov\u00e9.pdf\">Rozpo\u010dtov\u00e9 opat\u0159en\u00ed 22\/2017<\/a><br \/>Vyv\u011b\u0161eno: 31.12.2017<\/p>\n<p><a href=\"http:\/\/www.velketresne.cz\/wp-content\/uploads\/2015\/06\/Program-na-zased\u00e1n\u00ed-ZO-prosinec.pdf\">Pozv\u00e1nka na zased\u00e1n\u00ed zastupitelstva obce dne 30.12. 2017<br \/>Vyv\u011b\u0161eno: 23. 8. 2017<\/a><\/p>\n<p><a href=\"http:\/\/www.velketresne.cz\/wp-content\/uploads\/2018\/02\/RO-18-21-nov\u00e9.pdf\">Rozpo\u010dtov\u00e9 opat\u0159en\u00ed VT 18-21\/2017<\/a><br \/>Vyv\u011b\u0161eno: 21.12.2017<\/p>\n<p><a href=\"http:\/\/www.velketresne.cz\/wp-content\/uploads\/2017\/12\/Rozpo\u010det-2018.pdf\">N\u00e1vrh rozpo\u010dtu na rok 2018<\/a><br \/>Vyv\u011b\u0161eno: 10.12.2017<\/p>\n<p><a href=\"http:\/\/www.velketresne.cz\/wp-content\/uploads\/2017\/12\/V\u00fdhledov\u00fd-rozpo\u010det.pdf\">N\u00e1vrh St\u0159edn\u011bdob\u00e9ho v\u00fdhledov\u00e9ho rozpo\u010dtu <\/a><br \/>Vyv\u011b\u0161eno: 10.12.2017<\/p>\n<p><a href=\"http:\/\/www.velketresne.cz\/wp-content\/uploads\/2017\/12\/RO-17.pdf\">Rozpo\u010dtov\u00e9 opat\u0159en\u00ed VT17\/2017<\/a><br \/>Vyv\u011b\u0161eno: 29.11.2017<\/p>\n<p><a href=\"http:\/\/www.velketresne.cz\/wp-content\/uploads\/2015\/06\/St\u0159edn\u011bdob\u00fd-v\u00fdhled-rozpo\u010dtu-na-obdob\u00ed-r.19-20.pdf\">Mikroregion Byst\u0159icko: N\u00e1vrh st\u0159edn\u011bdob\u00e9ho v\u00fdhledu rozpo\u010dtu pro rok 2019 \u2013 2020<\/a><br \/>Vyv\u011b\u0161eno: 29. 11. 2017<\/p>\n<p><a href=\"http:\/\/www.velketresne.cz\/wp-content\/uploads\/2015\/06\/2-informace-o-po\u010dtu-a-s\u00eddle-vol.okrsk\u016f-1.doc\">Volby 2018 &#8211; \u00a0informace o volebn\u00edm okrsku a s\u00eddle volebn\u00ed komise<\/a><br \/>Vyv\u011b\u0161eno: 28. 11. 2017<\/p>\n<p><a href=\"http:\/\/www.velketresne.cz\/wp-content\/uploads\/2017\/12\/RO-14-16.pdf\">Rozpo\u010dtov\u00e9 opat\u0159en\u00ed VT14-16\/2017<\/a><br \/>Vyv\u011b\u0161eno: 20.11.2017<\/p>\n<p><a href=\"http:\/\/www.velketresne.cz\/wp-content\/uploads\/2017\/11\/VT-13.pdf\">Rozpo\u010dtov\u00e9 opat\u0159en\u00ed VT13\/2017<\/a><\/p>\n<p>Vyv\u011b\u0161eno:30.10.2017<\/p>\n<p><a href=\"http:\/\/www.velketresne.cz\/wp-content\/uploads\/2017\/11\/VT-12.pdf\">Rozpo\u010dtov\u00e9 opat\u0159en\u00ed VT12\/2017<\/a><br \/>Vyv\u011b\u0161eno: 25.10.2017<\/p>\n<p><a href=\"http:\/\/www.velketresne.cz\/wp-content\/uploads\/2017\/11\/VT-11.pdf\">Rozpo\u010dtov\u00e9 opat\u0159en\u00ed VT11\/2017<\/a><br \/>Vyv\u011b\u0161eno: 20.10.2017<\/p>\n<p><a href=\"http:\/\/www.velketresne.cz\/wp-content\/uploads\/2017\/11\/RO-10.pdf\">Rozpo\u010dtov\u00e9 opat\u0159en\u00ed VT10\/2017<\/a><br \/>Vyv\u011b\u0161eno: 20.10.2017<\/p>\n<p>Pozv\u00e1nka na zased\u00e1n\u00ed zastupitelstva obce dne 13. 11. 2017<br \/>Vyv\u011b\u0161eno: 20. 8. 2017<\/p>\n<p><a href=\"http:\/\/www.velketresne.cz\/wp-content\/uploads\/2017\/10\/vt.pdf\">ROZPO\u010cTOV\u00c9 OPAT\u0158EN\u00cd VT9\/2017<\/a><br \/>Vyv\u011b\u0161eno: 30.9.2017<\/p>\n<p><a href=\"http:\/\/www.velketresne.cz\/wp-content\/uploads\/2015\/06\/5-ozn\u00e1men\u00ed-o-dob\u011b-a-m\u00edst\u011b-kon\u00e1n\u00ed-voleb-2017.pdf\">Volby 2017 &#8211;\u00a0\u00a0zve\u0159ejn\u011bn\u00ed ozn\u00e1men\u00ed o dob\u011b a m\u00edst\u011b kon\u00e1n\u00ed voleb v obci\u00a0<\/a><a href=\"http:\/\/www.velketresne.cz\/wp-content\/uploads\/2015\/06\/2-informace-o-po\u010dtu-a-s\u00eddle-vol.okrsk\u016f-1.pdf\"><br \/><\/a>Vyv\u011b\u0161eno: 5. 10. 2017<\/p>\n<p><a href=\"http:\/\/www.velketresne.cz\/wp-content\/uploads\/2015\/06\/2-informace-o-po\u010dtu-a-s\u00eddle-vol.okrsk\u016f-1.pdf\">Volby 2017 &#8211; \u00a0informace o volebn\u00edm okrsku a s\u00eddle volebn\u00ed komise<br \/>Vyv\u011b\u0161eno: 5. 9. 2017<\/a><\/p>\n<p><a href=\"http:\/\/www.velketresne.cz\/wp-content\/uploads\/2017\/08\/Program-na-zased\u00e1n\u00ed-ZO-srpen.pdf\">Pozv\u00e1nka na zased\u00e1n\u00ed zastupitelstva obce dne 28. 8. 2017<\/a><br \/>Vyv\u011b\u0161eno: 20. 8. 2017<\/p>\n<p><a href=\"http:\/\/www.velketresne.cz\/wp-content\/uploads\/2017\/09\/ro-srpen.pdf\">Rozpo\u010dtov\u00e1 opat\u0159en\u00ed\u00a0VT8\/2017<\/a><br \/>Vyv\u011b\u0161eno: 15. 8. 2017<\/p>\n<p><a href=\"http:\/\/www.velketresne.cz\/wp-content\/uploads\/2017\/08\/RP-\u010cERVENEC.pdf\">Rozpo\u010dtov\u00e1 opat\u0159en\u00ed\u00a0VT7\/2017<\/a><br \/>Vyv\u011b\u0161eno: 15. 7. 2017<\/p>\n<p><a href=\"http:\/\/www.velketresne.cz\/wp-content\/uploads\/2015\/06\/Zpr\u00e1va-o-v\u00fdsledku-p\u0159ezkoum\u00e1n\u00ed-hospoda\u0159en\u00ed.pdf\">Zpr\u00e1va o v\u00fdsledku p\u0159ezkoum\u00e1n\u00ed hospoda\u0159en\u00ed<br \/>Vyv\u011b\u0161eno: 13. 6. 2017<\/a><\/p>\n<p><a href=\"http:\/\/www.velketresne.cz\/wp-content\/uploads\/2015\/06\/z\u00e1v\u011bre\u010dn\u00fd-\u00fa\u010det-obce-2016.pdf\">Z\u00e1v\u011bre\u010dn\u00fd \u00fa\u010det obce 2016<\/a><br \/>Vyv\u011b\u0161eno: 13.6.2017<\/p>\n<p><a href=\"http:\/\/www.velketresne.cz\/wp-content\/uploads\/2015\/06\/vt-2.pdf\">Rozpo\u010dtov\u00e1 opat\u0159en\u00ed\u00a0VT(2)<\/a><br \/>Vyv\u011b\u0161eno 13.6.2017<\/p>\n<p><a href=\"http:\/\/www.velketresne.cz\/wp-content\/uploads\/2015\/06\/RO-2.6.pdf\">Rozpo\u010dtov\u00e1 opat\u0159en\u00ed\u00a0VT6(2)\/2017<\/a><br \/>Vyv\u011b\u0161eno: 5. 6. 2017<\/p>\n<p><a href=\"http:\/\/www.velketresne.cz\/wp-content\/uploads\/2015\/06\/Program-na-zased\u00e1n\u00ed-ZO-\u010derven.pdf\">Pozv\u00e1nka na zased\u00e1n\u00ed zastupitelstva obce dne 12. 6. 2017<\/a><br \/>Vyv\u011b\u0161eno: 5. 6. 2017<\/p>\n<p><a href=\"http:\/\/www.velketresne.cz\/wp-content\/uploads\/2015\/06\/Zpr\u00e1va-o-v\u00fdsledku-p\u0159ezkoum\u00e1n\u00ed-hospoda\u0159en\u00ed.pdf\">Zpr\u00e1va o v\u00fdsledku p\u0159ezkoum\u00e1n\u00ed hospoda\u0159en\u00ed<\/a><br \/>Vyv\u011b\u0161eno:22.5.2017<\/p>\n<p><a href=\"http:\/\/www.velketresne.cz\/wp-content\/uploads\/2015\/06\/z\u00e1v\u011bre\u010dn\u00fd-\u00fa\u010det-obce-2016.pdf\">Z\u00e1v\u011bre\u010dn\u00fd \u00fa\u010det obce 2016<\/a><br \/>Vyv\u011b\u0161eno: 22. 5. 2017<\/p>\n<p><a href=\"http:\/\/www.velketresne.cz\/wp-content\/uploads\/2015\/06\/vt-2.pdf\">Rozpo\u010dtov\u00e1 opat\u0159en\u00ed\u00a0VT(2)<\/a><br \/>Vyv\u011b\u0161eno: 22. 5. 2017<\/p>\n<p><a href=\"http:\/\/www.velketresne.cz\/wp-content\/uploads\/2015\/06\/vt-6-1.pdf\">Rozpo\u010dtov\u00e1 opat\u0159en\u00ed\u00a0VT6(1)<\/a><br \/>Vyv\u011b\u0161eno: 20. 5. 2017<\/p>\n<p><a href=\"http:\/\/www.velketresne.cz\/wp-content\/uploads\/2017\/05\/vt_rozp_6.pdf\">Rozpo\u010dtov\u00e1 opat\u0159en\u00ed\u00a0VT6<\/a><br \/>Vyv\u011b\u0161eno: 2. 5. 2017<\/p>\n<p><a href=\"http:\/\/www.velketresne.cz\/wp-content\/uploads\/2017\/05\/vt_rozp_5.pdf\">Rozpo\u010dtov\u00e1 opat\u0159en\u00ed\u00a0VT5<\/a><br \/>Vyv\u011b\u0161eno: 2. 5. 2017<\/p>\n<p><a href=\"http:\/\/www.velketresne.cz\/wp-content\/uploads\/2017\/05\/vt_rozp_4.pdf\">Rozpo\u010dtov\u00e1 opat\u0159en\u00ed\u00a0VT4<\/a><br \/>Vyv\u011b\u0161eno: 2. 5. 2017<\/p>\n<p><a href=\"http:\/\/www.velketresne.cz\/wp-content\/uploads\/2017\/04\/vt_3.pdf\">Rozpo\u010dtov\u00e1 opat\u0159en\u00ed VT3<\/a><\/p>\n<p>Vyv\u011b\u0161eno: 6. 4. 2017<\/p>\n<\/div>\n<p><a href=\"http:\/\/www.velketresne.cz\/wp-content\/uploads\/2017\/04\/vt_2.pdf\">Rozpo\u010dtov\u00e1 opat\u0159en\u00ed<\/a>\u00a0VT2<br \/>Vyv\u011b\u0161eno: 28. 3. 2017<\/p>\n<p><a href=\"http:\/\/www.velketresne.cz\/wp-content\/uploads\/2017\/03\/Program-na-zased\u00e1n\u00ed-ZO-b\u0159ezen.pdf\">Pozv\u00e1nka na zased\u00e1n\u00ed zastupitelstva obce dne 31. 3. 2017<\/a><br \/>Vyv\u011b\u0161eno: 18. 3. 2017<\/p>\n<h3 style=\"text-align: center;\"><a href=\"http:\/\/www.velketresne.cz\/wp-content\/uploads\/2015\/06\/Vyhl\u00e1\u0161en\u00ed-z\u00e1m\u011bru-Kune\u0161ovi1.pdf\">Vyv\u011b\u0161en\u00ed z\u00e1m\u011bru o prodeji \u010d\u00e1sti pozemku p. \u010d. 421\/2<\/a><br \/>Vyv\u011b\u0161eno: 28.1. 2017<br \/>Uz\u00e1v\u011brka: 12. 2. 2017<\/h3>\n<p><a href=\"http:\/\/www.velketresne.cz\/wp-content\/uploads\/2017\/02\/Rozpo\u010det-na-rok-2017_n\u00e1vrh.pdf\">Rozpo\u010det Mikroregionu Byst\u0159icko na rok 2017<br \/><\/a>Vyv\u011b\u0161eno: 6. 2. 2017<\/p>\n<p><a href=\"http:\/\/www.velketresne.cz\/wp-content\/uploads\/2017\/02\/Program-na-zased\u00e1n\u00ed-ZO-\u00fanor.pdf\">Pozv\u00e1nka na zased\u00e1n\u00ed zastupitelstva obce dne 13. 2. 2017<\/a><br \/>Vyv\u011b\u0161eno: 6. 2. 2017<\/p>\n<h3 style=\"text-align: center;\">\u00a0<\/h3>\n<p><b>Zve\u0159ejn\u011bn\u00ed schv\u00e1len\u00e9ho rozpo\u010dtu a schv\u00e1len\u00e9ho st\u0159edn\u011bdob\u00e9ho v\u00fdhledu rozpo\u010dtu:<\/b><\/p>\n<p><a href=\"http:\/\/www.velketresne.cz\/wp-content\/uploads\/2017\/03\/St\u0159edn\u011bdob\u00fd-v\u00fdhled-rozpo\u010dtu.pdf\">St\u0159edn\u011bdob\u00fd v\u00fdhled rozpo\u010dtu<\/a><\/p>\n<p><a href=\"http:\/\/www.velketresne.cz\/wp-content\/uploads\/2017\/03\/Velke_Tresne_-_rozpocet-schv\u00e1len\u00fd.pdf\">Schv\u00e1len\u00fd rozpo\u010det<\/a><\/p>\n<p>Vyv\u011b\u0161eno: 28. 1. 2017<\/p>\n<p><a href=\"http:\/\/www.velketresne.cz\/wp-content\/uploads\/2017\/09\/ro-Leden.pdf\">VT 1\/1<\/a><br \/>Vyv\u011b\u0161eno 20.1.2017<\/p>\n<h3 style=\"text-align: left;\">\u00a0<\/h3>\n<h3 style=\"text-align: center;\"><strong>ROK 2016<\/strong><\/h3>\n<\/div>\n<p><a href=\"http:\/\/www.velketresne.cz\/wp-content\/uploads\/2016\/12\/Program-na-zased\u00e1n\u00ed-ZO-prosinec.pdf\">Pozv\u00e1nka na zased\u00e1n\u00ed zastupitelstva obce dne 30. 12. 2016<\/a><br \/>Vyv\u011b\u0161eno: 23. 12. 2016<\/p>\n<p><a href=\"http:\/\/www.velketresne.cz\/wp-content\/uploads\/2016\/12\/422874248_0_Ozn\u00e1men\u00ed-o-projed.-n\u00e1vrhu-Zpr\u00e1vy-o-uplat.-\u00daP-Ole\u0161nice.el_.p-2.pdf\">Ve\u0159ejn\u00e1 vyhl\u00e1\u0161ka \u00dazemn\u00ed pl\u00e1n Ole\u0161nice<\/a><br \/>Vyv\u011b\u0161eno: 10. 12. 2016 &#8211; 30. 12. 2016<\/p>\n<p><a href=\"http:\/\/www.velketresne.cz\/wp-content\/uploads\/2015\/06\/Velke_Tresne_-_rozpocet.pdf\">N\u00e1vrh rozpo\u010dtu pro rok 2017<\/a><br \/>Vyv\u011b\u0161eno: 1. 12. 2016 &#8211; 30. 12. 2016<\/p>\n<p>P<a href=\"http:\/\/www.velketresne.cz\/wp-content\/uploads\/2015\/06\/Program-na-zased\u00e1n\u00ed-ZO-listopad.pdf\">ozv\u00e1nka na zased\u00e1n\u00ed zastupitelstva obce dne 21. 11. 2016<\/a><br \/>Vyv\u011b\u0161eno: 14. 11. 2016<\/p>\n<p><a href=\"http:\/\/www.velketresne.cz\/wp-content\/uploads\/2016\/09\/5-ozn\u00e1men\u00ed-o-dob\u011b-a-m\u00edst\u011b-kon\u00e1n\u00ed-voleb-vzor.pdf\">Zve\u0159ejn\u011bn\u00ed ozn\u00e1men\u00ed o dob\u011b a m\u00edst\u011b kon\u00e1n\u00ed voleb v obci<\/a><br \/>Vyv\u011b\u0161eno: 22. 9.<\/p>\n<p><a href=\"http:\/\/www.velketresne.cz\/wp-content\/uploads\/2016\/09\/Program-na-zased\u00e1n\u00ed-ZO-z\u00e1\u0159\u00ed.pdf\">Pozv\u00e1nka na zased\u00e1n\u00ed zastupitelstva obce dne 26. 9. 2016<\/a><br \/>Vyv\u011b\u0161eno: 19. 9. 2016<\/p>\n<p><a href=\"http:\/\/www.velketresne.cz\/wp-content\/uploads\/2015\/06\/2-informace-o-po\u010dtu-a-s\u00eddle-vol.okrsk\u016f.pdf\">Poskytnut\u00ed informace o po\u010dtu a s\u00eddle volebn\u00edch okrsk\u016f pro volby do zastupitelstva kraje<\/a><br \/>Vyv\u011b\u0161eno: 23.8.2016<\/p>\n<div id=\"sites-canvas-main-content\">\n<p><a href=\"http:\/\/www.velketresne.cz\/wp-content\/uploads\/2016\/06\/Program-na-zased\u00e1n\u00ed-ZO-\u010dervenec.pdf\">Pozv\u00e1nka na zased\u00e1n\u00ed zastupitelstva dne 4. 7.2016<\/a><br \/>Vyv\u011b\u0161eno: 26.6. 2016 &#8211; 4.7.2016<\/p>\n<p><a href=\"http:\/\/www.velketresne.cz\/wp-content\/uploads\/2016\/05\/Program-na-zased\u00e1n\u00ed-ZO-kv\u011bten-2016-1.pdf\">Pozv\u00e1nka na zased\u00e1n\u00ed zastupitelstva dne\u00a016.5.2016<\/a><br \/>Vyv\u011b\u0161eno: 8.5. 2016 &#8211; 16.5.2016<\/p>\n<p><a href=\"http:\/\/www.velketresne.cz\/wp-content\/uploads\/2016\/04\/zpr\u00e1va-audit-2015-1.pdf\">Zpr\u00e1va o v\u00fdsledku kontroly hospoda\u0159en\u00ed za rok 2015<\/a><br \/>Vyv\u011b\u0161eno: 20. 4. 2016 &#8211; 20. 5. 2016<\/p>\n<p><a href=\"http:\/\/www.velketresne.cz\/wp-content\/uploads\/2016\/04\/z\u00e1v\u011bre\u010dn\u00fd-\u00fa\u010det-obce-2015.pdf\">Z\u00e1v\u011bre\u010dn\u00fd \u00fa\u010det obce za rok 2015<\/a><br \/>Vyv\u011b\u0161eno: 20. 4. 2016 &#8211; 20. 5. 2016<\/p>\n<p><a href=\"http:\/\/www.velketresne.cz\/wp-content\/uploads\/2016\/04\/vt.pdf\">V\u00fdkaz pro hodnocen\u00ed pln\u011bn\u00ed rozpo\u010dtu za rok 2015<\/a><br \/>Vyv\u011b\u0161eno: 20. 4. 2016 &#8211; 20. 5. 2016<\/p>\n<p><a href=\"http:\/\/www.velketresne.cz\/wp-content\/uploads\/2016\/02\/zastupitelstvo-\u00fanor.pdf\">Pozv\u00e1nka na zastupitelstvo obce<\/a> na\u00a022.2.2016<br \/>Vyv\u011b\u0161eno: 14. 2. 2016 &#8211;\u00a022.2.2016<\/p>\n<p><a href=\"http:\/\/www.velketresne.cz\/wp-content\/uploads\/2016\/02\/N\u00e1vrh-rozpo\u010dtu-na-rok-2016-1.pdf\">Rozpo\u010det Mikroregionu Byst\u0159icko na rok 2016<\/a><br \/>Vyv\u011b\u0161eno: 14. 2. 2016 &#8211; 14.3.2016<\/p>\n<h3 style=\"text-align: center;\"><span style=\"color: #000000;\"><strong>ROK 2015<\/strong><\/span><\/h3>\n<p><a href=\"http:\/\/www.velketresne.cz\/wp-content\/uploads\/2015\/11\/Program-na-zased\u00e1n\u00ed-ZO-listopad-2015.pdf\">Pozv\u00e1nka na zastupitelstvo obce<\/a> na 30. 11. 2015<br \/>Vyv\u011b\u0161eno: 22. 11. 2015 &#8211; 30. 11. 2015<\/p>\n<p><a href=\"http:\/\/www.velketresne.cz\/wp-content\/uploads\/2015\/11\/N\u00e1vrh-rozpo\u010dtu-rok-2016.pdf\">N\u00e1vrh rozpo\u010dtu pro rok 2015<\/a><br \/>Vyv\u011b\u0161eno: 15. 11. 2015 &#8211; 30. 11. 2015<\/p>\n<p>Vyhl\u00e1\u0161en\u00ed z\u00e1m\u011bru \u010d.j. 15\/2015<br \/>Vyv\u011b\u0161eno: 25. 10 2015 &#8211; 9. 11. 2015<\/p>\n<p><a href=\"http:\/\/www.velketresne.cz\/wp-content\/uploads\/2015\/09\/Pozv\u00e1nka-na-zased\u00e1n\u00ed-ZO-z\u00e1\u0159\u00ed.pdf\">Pozv\u00e1nka na zastupitelstvo obce<\/a> &#8211; na 28. 9. 2015<br \/>Vyv\u011b\u0161eno: 21. 9. 2015 &#8211; 28. 9. 2015<\/p>\n<p><a href=\"http:\/\/www.velketresne.cz\/wp-content\/uploads\/2015\/08\/Pozv\u00e1nka-na-zased\u00e1n\u00ed-ZO-srpen.pdf\">Pozv\u00e1nka na zastupitelstvo obce<\/a> &#8211; na 10.8.2015<br \/><span dir=\"ltr\" tabindex=\"-1\">Vyv\u011b\u0161eno: 3.8.2015 &#8211; 10.8.2015<\/span><\/p>\n<p><a href=\"http:\/\/www.velketresne.cz\/wp-content\/uploads\/2015\/07\/289265610_0_2914_1501187782_001.pdf\">Dra\u017eebn\u00ed vyhl\u00e1\u0161ka<br \/><\/a>Vyv\u011b\u0161eno: 14.7.2015 &#8211; doposud<\/p>\n<p>Pozv\u00e1nka na zastupitelstvo obce &#8211; na 15.6.2015<br \/><span dir=\"ltr\" tabindex=\"-1\">Vyv\u011b\u0161eno: 6.6.2015 &#8211; 16.6.2015<\/span><\/p>\n<p><a href=\"http:\/\/www.velketresne.cz\/wp-content\/uploads\/2015\/06\/vyhlaseni-zameru3_2015.pdf\">Vyhl\u00e1\u0161en\u00ed z\u00e1m\u011bru \u010d.j. 3\/2015<\/a><br \/>Vyv\u011b\u0161eno: 14.4.2015 &#8211;\u00a02.5.2015<\/p>\n<p><a href=\"http:\/\/www.velketresne.cz\/wp-content\/uploads\/2015\/06\/vyhlasenizameru7_2015.pdf\">Vyhl\u00e1\u0161en\u00ed z\u00e1m\u011bru \u010d.j. 7\/2015<\/a><br \/>Vyv\u011b\u0161eno: 14.4.2015 &#8211; 2.5.2015<\/p>\n<p id=\"sites-page-title-header\" align=\"left\"><span id=\"sites-page-title\" dir=\"ltr\" tabindex=\"-1\"><a href=\"http:\/\/www.velketresne.cz\/wp-content\/uploads\/2015\/06\/zprava-o-vysledku-prezkoumani-za-rok-2014.pdf\">Zpr\u00e1va o v\u00fdsledku p\u0159ezkoum\u00e1n\u00ed hospoda\u0159en\u00ed obce za rok 2014<\/a><br \/><\/span>Vyv\u011b\u0161eno: 26. 5. 2015 &#8211; doposud<\/p>\n<p align=\"left\"><span dir=\"ltr\" tabindex=\"-1\"><a href=\"http:\/\/www.velketresne.cz\/wp-content\/uploads\/2015\/06\/zaverecny-ucet.pdf\">Z\u00e1v\u011bre\u010dn\u00fd \u00fa\u010det obce za rok 2014<\/a>,\u00a0<a href=\"http:\/\/www.velketresne.cz\/wp-content\/uploads\/2015\/06\/rozvaha.pdf\">Rozvaha,<\/a><a href=\"http:\/\/www.velketresne.cz\/wp-content\/uploads\/2015\/06\/vykaz.pdf\">V\u00fdkaz<\/a><br \/>Vyv\u011b\u0161eno: 26.5.2015 &#8211; doposud<\/span><\/p>\n<p align=\"left\"><span dir=\"ltr\" tabindex=\"-1\"><a href=\"http:\/\/www.velketresne.cz\/wp-content\/uploads\/2015\/06\/Z\u00e1v\u011bre\u010dn\u00fd-\u00fa\u010det-za-rok-2014_n\u00e1vrh-ke-zve\u0159ejn\u011bn\u00ed.pdf\">Z\u00e1v\u011bre\u010dn\u00fd \u00fa\u010det Mikroregionu Byst\u0159icko\u00a0za rok 2014<br \/><\/a><\/span><span dir=\"ltr\" tabindex=\"-1\">Vyv\u011b\u0161eno: 26.5.2015 &#8211; doposud<\/span><\/p>\n<hr \/>\n<h3 style=\"text-align: center;\"><strong>ROK 2014<\/strong><\/h3>\n<div id=\"sites-canvas-main\" class=\"sites-canvas-main\">\n<div id=\"sites-canvas-main-content\"><hr \/>\n<h3 align=\"left\"><span dir=\"ltr\" tabindex=\"-1\"><a href=\"http:\/\/www.velketresne.cz\/wp-content\/uploads\/2015\/06\/navrhrozpoctu2015.jpg\">N\u00e1vrh rozpo\u010dtu na rok 2015<\/a><br \/>Vyvv\u011b\u0161eno 1.listopadu 2014<br \/><\/span>Sejmuto: 30.12.2014<\/h3>\n<h3 align=\"left\"><span dir=\"ltr\" tabindex=\"-1\"><a href=\"http:\/\/www.velketresne.cz\/wp-content\/uploads\/2015\/06\/schvaleny_rozpocet2015.jpg\">Schv\u00e1len\u00fd rozpo\u010det na rok 2015<br \/>Vyv\u011b\u0161eno 25.listopadu 2014<br \/><\/a><\/span>Sejmuto: 1.2.2015<\/h3>\n<h3 align=\"left\">\u00a0<\/h3>\n<\/div>\n<\/div>\n<\/div>\n<\/div>\n<p><!--more--><\/p>\n\n\n<p><\/p>\n\n\n\n<p><\/p>\n\n\n\n<p><\/p>\n","protected":false},"excerpt":{"rendered":"<p>Obecn\u00ed \u00fa\u0159ad Velk\u00e9 Tresn\u00e9 Adresa: Velk\u00e9 Tresn\u00e9 1, 592 65 Rove\u010dn\u00e9I\u010cO obce: 00842451E-mail: velke.tresne@gmail.comTelefon: 725 101 205 \u00a0 Rok 2026 VV &#8211; ozn\u00e1men\u00ed o zve\u0159ejn\u011bn\u00ed n\u00e1vrhu vymezen\u00ed zastav\u011bn\u00e9ho \u00fazem\u00ed obce&hellip;<\/p>\n","protected":false},"author":1,"featured_media":0,"parent":0,"menu_order":0,"comment_status":"closed","ping_status":"open","template":"","meta":{"footnotes":""},"class_list":["post-12","page","type-page","status-publish","hentry"],"_links":{"self":[{"href":"https:\/\/www.velketresne.cz\/index.php?rest_route=\/wp\/v2\/pages\/12","targetHints":{"allow":["GET"]}}],"collection":[{"href":"https:\/\/www.velketresne.cz\/index.php?rest_route=\/wp\/v2\/pages"}],"about":[{"href":"https:\/\/www.velketresne.cz\/index.php?rest_route=\/wp\/v2\/types\/page"}],"author":[{"embeddable":true,"href":"https:\/\/www.velketresne.cz\/index.php?rest_route=\/wp\/v2\/users\/1"}],"replies":[{"embeddable":true,"href":"https:\/\/www.velketresne.cz\/index.php?rest_route=%2Fwp%2Fv2%2Fcomments&post=12"}],"version-history":[{"count":463,"href":"https:\/\/www.velketresne.cz\/index.php?rest_route=\/wp\/v2\/pages\/12\/revisions"}],"predecessor-version":[{"id":1447,"href":"https:\/\/www.velketresne.cz\/index.php?rest_route=\/wp\/v2\/pages\/12\/revisions\/1447"}],"wp:attachment":[{"href":"https:\/\/www.velketresne.cz\/index.php?rest_route=%2Fwp%2Fv2%2Fmedia&parent=12"}],"curies":[{"name":"wp","href":"https:\/\/api.w.org\/{rel}","templated":true}]}}